{"id":12,"date":"2025-12-23T12:53:13","date_gmt":"2025-12-23T12:53:13","guid":{"rendered":"https:\/\/www.madi.agency\/carita-kleber\/?page_id=12"},"modified":"2026-03-24T14:09:58","modified_gmt":"2026-03-24T14:09:58","slug":"accueil","status":"publish","type":"page","link":"https:\/\/www.madi.agency\/carita-kleber\/","title":{"rendered":"Accueil"},"content":{"rendered":"<p>[et_pb_section fb_built=\u00a0\u00bb1&Prime; _builder_version=\u00a0\u00bb4.27.5&Prime; _module_preset=\u00a0\u00bbdefault\u00a0\u00bb background_image=\u00a0\u00bbhttps:\/\/www.madi.agency\/carita-kleber\/wp-content\/uploads\/2025\/12\/bandeau-accueil.png\u00a0\u00bb background_position=\u00a0\u00bbtop_center\u00a0\u00bb bottom_divider_style=\u00a0\u00bbcurve\u00a0\u00bb bottom_divider_color=\u00a0\u00bb#FFFFFF\u00a0\u00bb bottom_divider_flip=\u00a0\u00bbvertical\u00a0\u00bb border_color_all=\u00a0\u00bb#E02B20&Prime; global_colors_info=\u00a0\u00bb{}\u00a0\u00bb][et_pb_row _builder_version=\u00a0\u00bb4.27.5&Prime; _module_preset=\u00a0\u00bbdefault\u00a0\u00bb global_colors_info=\u00a0\u00bb{}\u00a0\u00bb][et_pb_column type=\u00a0\u00bb4_4&Prime; _builder_version=\u00a0\u00bb4.27.5&Prime; _module_preset=\u00a0\u00bbdefault\u00a0\u00bb global_colors_info=\u00a0\u00bb{}\u00a0\u00bb][et_pb_divider show_divider=\u00a0\u00bboff\u00a0\u00bb _builder_version=\u00a0\u00bb4.27.5&Prime; _module_preset=\u00a0\u00bbdefault\u00a0\u00bb height=\u00a0\u00bb535px\u00a0\u00bb custom_padding=\u00a0\u00bb||0px|||\u00a0\u00bb global_colors_info=\u00a0\u00bb{}\u00a0\u00bb][\/et_pb_divider][\/et_pb_column][\/et_pb_row][\/et_pb_section][et_pb_section fb_built=\u00a0\u00bb1&Prime; _builder_version=\u00a0\u00bb4.27.5&Prime; _module_preset=\u00a0\u00bbdefault\u00a0\u00bb custom_padding=\u00a0\u00bb0px||0px|||\u00a0\u00bb global_colors_info=\u00a0\u00bb{}\u00a0\u00bb][et_pb_row _builder_version=\u00a0\u00bb4.27.5&Prime; _module_preset=\u00a0\u00bbdefault\u00a0\u00bb custom_padding=\u00a0\u00bb0px|||||\u00a0\u00bb global_colors_info=\u00a0\u00bb{}\u00a0\u00bb][et_pb_column type=\u00a0\u00bb4_4&Prime; _builder_version=\u00a0\u00bb4.27.5&Prime; _module_preset=\u00a0\u00bbdefault\u00a0\u00bb global_colors_info=\u00a0\u00bb{}\u00a0\u00bb][et_pb_text _builder_version=\u00a0\u00bb4.27.5&Prime; _module_preset=\u00a0\u00bbdefault\u00a0\u00bb header_text_color=\u00a0\u00bb#000000&Prime; header_font_size=\u00a0\u00bb36px\u00a0\u00bb global_colors_info=\u00a0\u00bb{}\u00a0\u00bb]<\/p>\n<h1 style=\"text-align: center;\">\u00a0L\u2019excellence d\u2019un geste, l\u2019\u00e9l\u00e9gance d\u2019un r\u00e9sultat<\/h1>\n<p>[\/et_pb_text][et_pb_text _builder_version=\u00a0\u00bb4.27.5&Prime; _module_preset=\u00a0\u00bbdefault\u00a0\u00bb text_font_size=\u00a0\u00bb18px\u00a0\u00bb text_line_height=\u00a0\u00bb1.8em\u00a0\u00bb text_orientation=\u00a0\u00bbcenter\u00a0\u00bb global_colors_info=\u00a0\u00bb{}\u00a0\u00bb]<\/p>\n<p><span style=\"font-weight: 400;\">Entrez dans un lieu d\u00e9di\u00e9 \u00e0 l\u2019excellence, o\u00f9 l\u2019art du soin rencontre l\u2019\u00e9l\u00e9gance d\u2019un salon.<\/span> <span style=\"font-weight: 400;\">Dans un cadre pens\u00e9 pour votre bien-\u00eatre, nous mettons notre exigence et notre savoir-faire au service de votre \u00e9clat.<\/span> <span style=\"font-weight: 400;\">Ici, la qualit\u00e9 de nos gestes et la pr\u00e9cision de nos soins deviennent une signature : l\u2019art d\u2019une beaut\u00e9 subtile et lumineuse, la v\u00f4tre.<\/span><\/p>\n<p>[\/et_pb_text][\/et_pb_column][\/et_pb_row][\/et_pb_section][et_pb_section fb_built=\u00a0\u00bb1&Prime; _builder_version=\u00a0\u00bb4.27.5&Prime; _module_preset=\u00a0\u00bbdefault\u00a0\u00bb custom_padding=\u00a0\u00bb25px||0px|||\u00a0\u00bb global_colors_info=\u00a0\u00bb{}\u00a0\u00bb][et_pb_row _builder_version=\u00a0\u00bb4.27.5&Prime; _module_preset=\u00a0\u00bbdefault\u00a0\u00bb global_colors_info=\u00a0\u00bb{}\u00a0\u00bb][et_pb_column type=\u00a0\u00bb4_4&Prime; _builder_version=\u00a0\u00bb4.27.5&Prime; _module_preset=\u00a0\u00bbdefault\u00a0\u00bb global_colors_info=\u00a0\u00bb{}\u00a0\u00bb][et_pb_text _builder_version=\u00a0\u00bb4.27.5&Prime; _module_preset=\u00a0\u00bbdefault\u00a0\u00bb header_font_size=\u00a0\u00bb36px\u00a0\u00bb custom_margin=\u00a0\u00bb||10px|||\u00a0\u00bb locked=\u00a0\u00bboff\u00a0\u00bb global_colors_info=\u00a0\u00bb{}\u00a0\u00bb]<\/p>\n<h1 style=\"text-align: center;\">LE CHEVEU<\/h1>\n<p>[\/et_pb_text][et_pb_text _builder_version=\u00a0\u00bb4.27.5&Prime; _module_preset=\u00a0\u00bbdefault\u00a0\u00bb text_font_size=\u00a0\u00bb18px\u00a0\u00bb text_line_height=\u00a0\u00bb1.8em\u00a0\u00bb text_orientation=\u00a0\u00bbcenter\u00a0\u00bb custom_margin=\u00a0\u00bb||12px|||\u00a0\u00bb global_colors_info=\u00a0\u00bb{}\u00a0\u00bb]<\/p>\n<p><b>Des cheveux sublim\u00e9s, une confiance renouvel\u00e9e.<\/b><\/p>\n<p>[\/et_pb_text][et_pb_text _builder_version=\u00a0\u00bb4.27.5&Prime; _module_preset=\u00a0\u00bbdefault\u00a0\u00bb text_font_size=\u00a0\u00bb18px\u00a0\u00bb text_line_height=\u00a0\u00bb1.8em\u00a0\u00bb text_orientation=\u00a0\u00bbcenter\u00a0\u00bb global_colors_info=\u00a0\u00bb{}\u00a0\u00bb]<\/p>\n<p><span style=\"font-weight: 400;\">Parce que votre chevelure est votre premi\u00e8re signature, nous lui offrons une expertise exigeante et une attention absolue. \u00c0 travers des diagnostics pr\u00e9cis et des rituels sur-mesure, nous la traitons comme une mati\u00e8re pr\u00e9cieuse. Ici, chaque soin devient un geste pens\u00e9 pour sublimer durablement votre allure.<\/span><\/p>\n<p>[\/et_pb_text][\/et_pb_column][\/et_pb_row][et_pb_row column_structure=\u00a0\u00bb1_3,1_3,1_3&Prime; disabled_on=\u00a0\u00bbon|on|off\u00a0\u00bb _builder_version=\u00a0\u00bb4.27.5&Prime; _module_preset=\u00a0\u00bbdefault\u00a0\u00bb custom_padding=\u00a0\u00bb89px|||||\u00a0\u00bb global_colors_info=\u00a0\u00bb{}\u00a0\u00bb][et_pb_column type=\u00a0\u00bb1_3&Prime; _builder_version=\u00a0\u00bb4.27.5&Prime; _module_preset=\u00a0\u00bbdefault\u00a0\u00bb background_enable_image=\u00a0\u00bboff\u00a0\u00bb background_size=\u00a0\u00bbcontain\u00a0\u00bb global_colors_info=\u00a0\u00bb{}\u00a0\u00bb][dmpro_hover_box content_hover_title=\u00a0\u00bbCoupe &#038; Coiffage\u00a0\u00bb content_hover_image=\u00a0\u00bbhttps:\/\/www.madi.agency\/carita-kleber\/wp-content\/uploads\/2026\/01\/seche-cheveux.png\u00a0\u00bb content_hover_content=\u00a0\u00bb<\/p>\n<p class=%22p1%22>Sublimez et affirmez votre style avec des coiffages personnalis\u00e9s<\/p>\n<p>\u00a0\u00bb hover_box_align_front=\u00a0\u00bbbottom\u00a0\u00bb box_height=\u00a0\u00bb564px\u00a0\u00bb content_hover_bg_color=\u00a0\u00bbrgba(204,2,75,0.72)\u00a0\u00bb _builder_version=\u00a0\u00bb4.27.5&Prime; _module_preset=\u00a0\u00bbdefault\u00a0\u00bb content_desc_text_color=\u00a0\u00bb#FFFFFF\u00a0\u00bb content_hover_title_text_color=\u00a0\u00bb#FFFFFF\u00a0\u00bb content_hover_title_font_size=\u00a0\u00bb24px\u00a0\u00bb content_hover_desc_text_color=\u00a0\u00bb#FFFFFF\u00a0\u00bb content_hover_desc_font_size=\u00a0\u00bb16px\u00a0\u00bb background_image=\u00a0\u00bbhttps:\/\/www.madi.agency\/carita-kleber\/wp-content\/uploads\/2026\/01\/WhatsApp-Image-2026-01-30-at-13.24.42.jpeg\u00a0\u00bb height=\u00a0\u00bb564px\u00a0\u00bb height_tablet=\u00a0\u00bb564px\u00a0\u00bb height_phone=\u00a0\u00bb564px\u00a0\u00bb height_last_edited=\u00a0\u00bbon|tablet\u00a0\u00bb custom_margin=\u00a0\u00bb||0px||false|false\u00a0\u00bb custom_padding=\u00a0\u00bb|25px||25px|false|true\u00a0\u00bb link_option_url=\u00a0\u00bbhttps:\/\/www.madi.agency\/carita-kleber\/le-cheveu\/la-coiffure\/\u00a0\u00bb sticky_position_tablet=\u00a0\u00bb\u00a0\u00bb sticky_position_phone=\u00a0\u00bb\u00a0\u00bb sticky_position_last_edited=\u00a0\u00bbon|tablet\u00a0\u00bb scroll_vertical_motion_tablet=\u00a0\u00bb0|50|50|100|4|0|-4&Prime; scroll_vertical_motion_phone=\u00a0\u00bb0|50|50|100|4|0|-4&Prime; scroll_vertical_motion_last_edited=\u00a0\u00bbon|tablet\u00a0\u00bb border_radii=\u00a0\u00bboff|153px|153px||\u00a0\u00bb global_colors_info=\u00a0\u00bb{}\u00a0\u00bb][\/dmpro_hover_box][et_pb_text _builder_version=\u00a0\u00bb4.27.5&Prime; _module_preset=\u00a0\u00bbdefault\u00a0\u00bb text_text_color=\u00a0\u00bb#FFFFFF\u00a0\u00bb text_font_size=\u00a0\u00bb24px\u00a0\u00bb background_color=\u00a0\u00bb#cc024b\u00a0\u00bb text_orientation=\u00a0\u00bbcenter\u00a0\u00bb custom_padding=\u00a0\u00bb8px||8px||true|false\u00a0\u00bb link_option_url=\u00a0\u00bbhttps:\/\/www.madi.agency\/carita-kleber\/le-cheveu\/la-coiffure\/\u00a0\u00bb locked=\u00a0\u00bboff\u00a0\u00bb global_colors_info=\u00a0\u00bb{}\u00a0\u00bb]<\/p>\n<p>La Coiffure<\/p>\n<p>[\/et_pb_text][\/et_pb_column][et_pb_column type=\u00a0\u00bb1_3&Prime; _builder_version=\u00a0\u00bb4.27.5&Prime; _module_preset=\u00a0\u00bbdefault\u00a0\u00bb global_colors_info=\u00a0\u00bb{}\u00a0\u00bb][dmpro_hover_box content_hover_title=\u00a0\u00bbSoins Capillaires\u00a0\u00bb content_hover_image=\u00a0\u00bbhttps:\/\/www.madi.agency\/carita-kleber\/wp-content\/uploads\/2025\/12\/serum-capillaire.png\u00a0\u00bb content_hover_content=\u00a0\u00bb<\/p>\n<p>Une belle chevelure commence toujours par un soin<\/p>\n<p>\u00a0\u00bb hover_box_align_front=\u00a0\u00bbbottom\u00a0\u00bb box_height=\u00a0\u00bb564px\u00a0\u00bb content_hover_bg_color=\u00a0\u00bbrgba(204,2,75,0.72)\u00a0\u00bb _builder_version=\u00a0\u00bb4.27.5&Prime; _module_preset=\u00a0\u00bbdefault\u00a0\u00bb content_desc_text_color=\u00a0\u00bb#FFFFFF\u00a0\u00bb content_hover_title_text_color=\u00a0\u00bb#FFFFFF\u00a0\u00bb content_hover_title_font_size=\u00a0\u00bb24px\u00a0\u00bb content_hover_desc_text_color=\u00a0\u00bb#FFFFFF\u00a0\u00bb content_hover_desc_font_size=\u00a0\u00bb16px\u00a0\u00bb background_image=\u00a0\u00bbhttps:\/\/www.madi.agency\/carita-kleber\/wp-content\/uploads\/2026\/01\/Photo-LE-SOIN-CAPPILLAIRE.png\u00a0\u00bb height=\u00a0\u00bb564px\u00a0\u00bb height_tablet=\u00a0\u00bb564px\u00a0\u00bb height_phone=\u00a0\u00bb564px\u00a0\u00bb height_last_edited=\u00a0\u00bbon|tablet\u00a0\u00bb custom_margin=\u00a0\u00bb||0px||false|false\u00a0\u00bb custom_padding=\u00a0\u00bb|25px||25px|false|true\u00a0\u00bb link_option_url=\u00a0\u00bbhttps:\/\/www.madi.agency\/carita-kleber\/le-cheveu\/les-soins-capillaires\/\u00a0\u00bb border_radii=\u00a0\u00bboff|153px|153px||\u00a0\u00bb global_colors_info=\u00a0\u00bb{}\u00a0\u00bb][\/dmpro_hover_box][et_pb_text _builder_version=\u00a0\u00bb4.27.5&Prime; _module_preset=\u00a0\u00bbdefault\u00a0\u00bb text_text_color=\u00a0\u00bb#FFFFFF\u00a0\u00bb text_font_size=\u00a0\u00bb24px\u00a0\u00bb background_color=\u00a0\u00bb#cc024b\u00a0\u00bb text_orientation=\u00a0\u00bbcenter\u00a0\u00bb custom_padding=\u00a0\u00bb8px||8px||true|false\u00a0\u00bb link_option_url=\u00a0\u00bbhttps:\/\/www.madi.agency\/carita-kleber\/le-cheveu\/les-soins-capillaires\/\u00a0\u00bb global_colors_info=\u00a0\u00bb{}\u00a0\u00bb]<\/p>\n<p>Les Soins Capillaires<\/p>\n<p>[\/et_pb_text][\/et_pb_column][et_pb_column type=\u00a0\u00bb1_3&Prime; _builder_version=\u00a0\u00bb4.27.5&Prime; _module_preset=\u00a0\u00bbdefault\u00a0\u00bb global_colors_info=\u00a0\u00bb{}\u00a0\u00bb][dmpro_hover_box content_hover_title=\u00a0\u00bbTechnique\u00a0\u00bb content_hover_image=\u00a0\u00bbhttps:\/\/www.madi.agency\/carita-kleber\/wp-content\/uploads\/2025\/12\/echantillon-de-couleur-de-cheveux.png\u00a0\u00bb content_hover_content=\u00a0\u00bb<\/p>\n<p>L&rsquo;art de la couleur adapt\u00e9e \u00e0 votre personnalit\u00e9<\/p>\n<p>\u00a0\u00bb hover_box_align_front=\u00a0\u00bbbottom\u00a0\u00bb box_height=\u00a0\u00bb564px\u00a0\u00bb content_hover_bg_color=\u00a0\u00bbrgba(204,2,75,0.72)\u00a0\u00bb _builder_version=\u00a0\u00bb4.27.5&Prime; _module_preset=\u00a0\u00bbdefault\u00a0\u00bb content_desc_text_color=\u00a0\u00bb#FFFFFF\u00a0\u00bb content_hover_title_text_color=\u00a0\u00bb#FFFFFF\u00a0\u00bb content_hover_title_font_size=\u00a0\u00bb24px\u00a0\u00bb content_hover_desc_text_color=\u00a0\u00bb#FFFFFF\u00a0\u00bb content_hover_desc_font_size=\u00a0\u00bb16px\u00a0\u00bb background_image=\u00a0\u00bbhttps:\/\/www.madi.agency\/carita-kleber\/wp-content\/uploads\/2026\/02\/Accueil-technique-1-scaled.jpg\u00a0\u00bb height=\u00a0\u00bb564px\u00a0\u00bb height_tablet=\u00a0\u00bb564px\u00a0\u00bb height_phone=\u00a0\u00bb564px\u00a0\u00bb height_last_edited=\u00a0\u00bbon|tablet\u00a0\u00bb custom_margin=\u00a0\u00bb||0px||false|false\u00a0\u00bb custom_padding=\u00a0\u00bb|25px||25px|false|true\u00a0\u00bb link_option_url=\u00a0\u00bbhttps:\/\/www.madi.agency\/carita-kleber\/le-cheveu\/la-technique\/\u00a0\u00bb border_radii=\u00a0\u00bboff|153px|153px||\u00a0\u00bb global_colors_info=\u00a0\u00bb{}\u00a0\u00bb][\/dmpro_hover_box][et_pb_text _builder_version=\u00a0\u00bb4.27.5&Prime; _module_preset=\u00a0\u00bbdefault\u00a0\u00bb text_text_color=\u00a0\u00bb#FFFFFF\u00a0\u00bb text_font_size=\u00a0\u00bb24px\u00a0\u00bb background_color=\u00a0\u00bb#cc024b\u00a0\u00bb text_orientation=\u00a0\u00bbcenter\u00a0\u00bb custom_padding=\u00a0\u00bb8px||8px||true|false\u00a0\u00bb link_option_url=\u00a0\u00bbhttps:\/\/www.madi.agency\/carita-kleber\/le-cheveu\/la-technique\/\u00a0\u00bb global_colors_info=\u00a0\u00bb{}\u00a0\u00bb]<\/p>\n<p>La Technique<\/p>\n<p>[\/et_pb_text][\/et_pb_column][\/et_pb_row][et_pb_row column_structure=\u00a0\u00bb1_3,1_3,1_3&Prime; disabled_on=\u00a0\u00bboff|off|on\u00a0\u00bb _builder_version=\u00a0\u00bb4.27.5&Prime; _module_preset=\u00a0\u00bbdefault\u00a0\u00bb custom_padding=\u00a0\u00bb89px|||||\u00a0\u00bb global_colors_info=\u00a0\u00bb{}\u00a0\u00bb][et_pb_column type=\u00a0\u00bb1_3&Prime; _builder_version=\u00a0\u00bb4.27.5&Prime; _module_preset=\u00a0\u00bbdefault\u00a0\u00bb background_enable_image=\u00a0\u00bboff\u00a0\u00bb background_size=\u00a0\u00bbcontain\u00a0\u00bb global_colors_info=\u00a0\u00bb{}\u00a0\u00bb][dmpro_hover_box content_title=\u00a0\u00bbCoupe &#038; Coiffage\u00a0\u00bb content_image=\u00a0\u00bbhttps:\/\/www.madi.agency\/carita-kleber\/wp-content\/uploads\/2026\/01\/seche-cheveux.png\u00a0\u00bb body_text=\u00a0\u00bb<\/p>\n<p>Sublimez et affirmez votre style avec des coiffages personnalis\u00e9s<\/p>\n<p>\u00a0\u00bb content_hover_title=\u00a0\u00bbCoupe &#038; Coiffage\u00a0\u00bb content_hover_image=\u00a0\u00bbhttps:\/\/www.madi.agency\/carita-kleber\/wp-content\/uploads\/2026\/01\/seche-cheveux.png\u00a0\u00bb content_hover_content=\u00a0\u00bb<\/p>\n<p class=%22p1%22>Sublimez et affirmez votre style avec des coiffages personnalis\u00e9s<\/p>\n<p>\u00a0\u00bb box_height=\u00a0\u00bb564px\u00a0\u00bb content_bg_color=\u00a0\u00bbrgba(204,2,75,0.52)\u00a0\u00bb content_hover_bg_color=\u00a0\u00bbrgba(204,2,75,0.72)\u00a0\u00bb _builder_version=\u00a0\u00bb4.27.5&Prime; _module_preset=\u00a0\u00bbdefault\u00a0\u00bb content_title_text_color=\u00a0\u00bb#FFFFFF\u00a0\u00bb content_title_font_size=\u00a0\u00bb24px\u00a0\u00bb content_desc_text_color=\u00a0\u00bb#FFFFFF\u00a0\u00bb content_desc_font_size=\u00a0\u00bb16px\u00a0\u00bb content_hover_title_text_color=\u00a0\u00bb#FFFFFF\u00a0\u00bb content_hover_title_font_size=\u00a0\u00bb24px\u00a0\u00bb content_hover_desc_text_color=\u00a0\u00bb#FFFFFF\u00a0\u00bb content_hover_desc_font_size=\u00a0\u00bb16px\u00a0\u00bb background_image=\u00a0\u00bbhttps:\/\/www.madi.agency\/carita-kleber\/wp-content\/uploads\/2026\/01\/WhatsApp-Image-2026-01-30-at-13.24.42.jpeg\u00a0\u00bb height=\u00a0\u00bb564px\u00a0\u00bb height_tablet=\u00a0\u00bb564px\u00a0\u00bb height_phone=\u00a0\u00bb564px\u00a0\u00bb height_last_edited=\u00a0\u00bbon|tablet\u00a0\u00bb custom_margin=\u00a0\u00bb||0px||false|false\u00a0\u00bb custom_padding=\u00a0\u00bb|25px||25px|false|true\u00a0\u00bb link_option_url=\u00a0\u00bbhttps:\/\/www.madi.agency\/carita-kleber\/le-cheveu\/la-coiffure\/\u00a0\u00bb hover_enabled=\u00a0\u00bb0&Prime; sticky_position_tablet=\u00a0\u00bb\u00a0\u00bb sticky_position_phone=\u00a0\u00bb\u00a0\u00bb sticky_position_last_edited=\u00a0\u00bbon|tablet\u00a0\u00bb scroll_vertical_motion_tablet=\u00a0\u00bb0|50|50|100|4|0|-4&Prime; scroll_vertical_motion_phone=\u00a0\u00bb0|50|50|100|4|0|-4&Prime; scroll_vertical_motion_last_edited=\u00a0\u00bbon|tablet\u00a0\u00bb border_radii=\u00a0\u00bboff|153px|153px||\u00a0\u00bb global_colors_info=\u00a0\u00bb{}\u00a0\u00bb sticky_enabled=\u00a0\u00bb0&Prime;][\/dmpro_hover_box][et_pb_text _builder_version=\u00a0\u00bb4.27.5&Prime; _module_preset=\u00a0\u00bbdefault\u00a0\u00bb text_text_color=\u00a0\u00bb#FFFFFF\u00a0\u00bb text_font_size=\u00a0\u00bb24px\u00a0\u00bb background_color=\u00a0\u00bb#cc024b\u00a0\u00bb text_orientation=\u00a0\u00bbcenter\u00a0\u00bb custom_padding=\u00a0\u00bb8px||8px||true|false\u00a0\u00bb link_option_url=\u00a0\u00bbhttps:\/\/www.madi.agency\/carita-kleber\/le-cheveu\/la-coiffure\/\u00a0\u00bb locked=\u00a0\u00bboff\u00a0\u00bb global_colors_info=\u00a0\u00bb{}\u00a0\u00bb]<\/p>\n<p>La Coiffure<\/p>\n<p>[\/et_pb_text][\/et_pb_column][et_pb_column type=\u00a0\u00bb1_3&Prime; _builder_version=\u00a0\u00bb4.27.5&Prime; _module_preset=\u00a0\u00bbdefault\u00a0\u00bb global_colors_info=\u00a0\u00bb{}\u00a0\u00bb][dmpro_hover_box content_title=\u00a0\u00bbSoins Capillaires\u00a0\u00bb content_image=\u00a0\u00bbhttps:\/\/www.madi.agency\/carita-kleber\/wp-content\/uploads\/2025\/12\/serum-capillaire.png\u00a0\u00bb body_text=\u00a0\u00bb<\/p>\n<p>Une belle chevelure commence toujours par un soin<\/p>\n<p>\u00a0\u00bb content_hover_title=\u00a0\u00bbSoins Capillaires\u00a0\u00bb content_hover_image=\u00a0\u00bbhttps:\/\/www.madi.agency\/carita-kleber\/wp-content\/uploads\/2025\/12\/serum-capillaire.png\u00a0\u00bb content_hover_content=\u00a0\u00bb<\/p>\n<p>Une belle chevelure commence toujours par un soin<\/p>\n<p>\u00a0\u00bb box_height=\u00a0\u00bb564px\u00a0\u00bb content_bg_color=\u00a0\u00bbrgba(204,2,75,0.52)\u00a0\u00bb content_hover_bg_color=\u00a0\u00bbrgba(204,2,75,0.72)\u00a0\u00bb _builder_version=\u00a0\u00bb4.27.5&Prime; _module_preset=\u00a0\u00bbdefault\u00a0\u00bb content_title_text_color=\u00a0\u00bb#FFFFFF\u00a0\u00bb content_title_font_size=\u00a0\u00bb24px\u00a0\u00bb content_desc_text_color=\u00a0\u00bb#FFFFFF\u00a0\u00bb content_desc_font_size=\u00a0\u00bb16px\u00a0\u00bb content_hover_title_text_color=\u00a0\u00bb#FFFFFF\u00a0\u00bb content_hover_title_font_size=\u00a0\u00bb24px\u00a0\u00bb content_hover_desc_text_color=\u00a0\u00bb#FFFFFF\u00a0\u00bb content_hover_desc_font_size=\u00a0\u00bb16px\u00a0\u00bb background_image=\u00a0\u00bbhttps:\/\/www.madi.agency\/carita-kleber\/wp-content\/uploads\/2026\/01\/Photo-LE-SOIN-CAPPILLAIRE.png\u00a0\u00bb height=\u00a0\u00bb564px\u00a0\u00bb height_tablet=\u00a0\u00bb564px\u00a0\u00bb height_phone=\u00a0\u00bb564px\u00a0\u00bb height_last_edited=\u00a0\u00bbon|tablet\u00a0\u00bb custom_margin=\u00a0\u00bb||0px||false|false\u00a0\u00bb custom_padding=\u00a0\u00bb|25px||25px|false|true\u00a0\u00bb link_option_url=\u00a0\u00bbhttps:\/\/www.madi.agency\/carita-kleber\/le-cheveu\/les-soins-capillaires\/\u00a0\u00bb border_radii=\u00a0\u00bboff|153px|153px||\u00a0\u00bb global_colors_info=\u00a0\u00bb{}\u00a0\u00bb][\/dmpro_hover_box][et_pb_text _builder_version=\u00a0\u00bb4.27.5&Prime; _module_preset=\u00a0\u00bbdefault\u00a0\u00bb text_text_color=\u00a0\u00bb#FFFFFF\u00a0\u00bb text_font_size=\u00a0\u00bb24px\u00a0\u00bb background_color=\u00a0\u00bb#cc024b\u00a0\u00bb text_orientation=\u00a0\u00bbcenter\u00a0\u00bb custom_padding=\u00a0\u00bb8px||8px||true|false\u00a0\u00bb link_option_url=\u00a0\u00bbhttps:\/\/www.madi.agency\/carita-kleber\/le-cheveu\/les-soins-capillaires\/\u00a0\u00bb global_colors_info=\u00a0\u00bb{}\u00a0\u00bb]<\/p>\n<p>Les Soins Capillaires<\/p>\n<p>[\/et_pb_text][\/et_pb_column][et_pb_column type=\u00a0\u00bb1_3&Prime; _builder_version=\u00a0\u00bb4.27.5&Prime; _module_preset=\u00a0\u00bbdefault\u00a0\u00bb global_colors_info=\u00a0\u00bb{}\u00a0\u00bb][dmpro_hover_box content_title=\u00a0\u00bbTechnique\u00a0\u00bb content_image=\u00a0\u00bbhttps:\/\/www.madi.agency\/carita-kleber\/wp-content\/uploads\/2026\/01\/echantillon-de-couleur-de-cheveux.png\u00a0\u00bb body_text=\u00a0\u00bb<\/p>\n<p>L&rsquo;art de la couleur adapt\u00e9e \u00e0 votre personnalit\u00e9<\/p>\n<p>\u00a0\u00bb content_hover_title=\u00a0\u00bbTechnique\u00a0\u00bb content_hover_image=\u00a0\u00bbhttps:\/\/www.madi.agency\/carita-kleber\/wp-content\/uploads\/2025\/12\/echantillon-de-couleur-de-cheveux.png\u00a0\u00bb content_hover_content=\u00a0\u00bb<\/p>\n<p>L&rsquo;art de la couleur adapt\u00e9e \u00e0 votre personnalit\u00e9<\/p>\n<p>\u00a0\u00bb box_height=\u00a0\u00bb564px\u00a0\u00bb content_bg_color=\u00a0\u00bbrgba(204,2,75,0.52)\u00a0\u00bb content_hover_bg_color=\u00a0\u00bbrgba(204,2,75,0.72)\u00a0\u00bb _builder_version=\u00a0\u00bb4.27.5&Prime; _module_preset=\u00a0\u00bbdefault\u00a0\u00bb content_title_text_color=\u00a0\u00bb#FFFFFF\u00a0\u00bb content_title_font_size=\u00a0\u00bb24px\u00a0\u00bb content_desc_text_color=\u00a0\u00bb#FFFFFF\u00a0\u00bb content_desc_font_size=\u00a0\u00bb16px\u00a0\u00bb content_hover_title_text_color=\u00a0\u00bb#FFFFFF\u00a0\u00bb content_hover_title_font_size=\u00a0\u00bb24px\u00a0\u00bb content_hover_desc_text_color=\u00a0\u00bb#FFFFFF\u00a0\u00bb content_hover_desc_font_size=\u00a0\u00bb16px\u00a0\u00bb background_image=\u00a0\u00bbhttps:\/\/www.madi.agency\/carita-kleber\/wp-content\/uploads\/2026\/02\/Accueil-technique-1-scaled.jpg\u00a0\u00bb height=\u00a0\u00bb564px\u00a0\u00bb height_tablet=\u00a0\u00bb564px\u00a0\u00bb height_phone=\u00a0\u00bb564px\u00a0\u00bb height_last_edited=\u00a0\u00bbon|tablet\u00a0\u00bb custom_margin=\u00a0\u00bb||0px||false|false\u00a0\u00bb custom_padding=\u00a0\u00bb|25px||25px|false|true\u00a0\u00bb link_option_url=\u00a0\u00bbhttps:\/\/www.madi.agency\/carita-kleber\/le-cheveu\/la-technique\/\u00a0\u00bb border_radii=\u00a0\u00bboff|153px|153px||\u00a0\u00bb global_colors_info=\u00a0\u00bb{}\u00a0\u00bb][\/dmpro_hover_box][et_pb_text _builder_version=\u00a0\u00bb4.27.5&Prime; _module_preset=\u00a0\u00bbdefault\u00a0\u00bb text_text_color=\u00a0\u00bb#FFFFFF\u00a0\u00bb text_font_size=\u00a0\u00bb24px\u00a0\u00bb background_color=\u00a0\u00bb#cc024b\u00a0\u00bb text_orientation=\u00a0\u00bbcenter\u00a0\u00bb custom_padding=\u00a0\u00bb8px||8px||true|false\u00a0\u00bb link_option_url=\u00a0\u00bbhttps:\/\/www.madi.agency\/carita-kleber\/le-cheveu\/la-technique\/\u00a0\u00bb global_colors_info=\u00a0\u00bb{}\u00a0\u00bb]<\/p>\n<p>La Technique<\/p>\n<p>[\/et_pb_text][\/et_pb_column][\/et_pb_row][\/et_pb_section][et_pb_section fb_built=\u00a0\u00bb1&Prime; _builder_version=\u00a0\u00bb4.27.5&Prime; _module_preset=\u00a0\u00bbdefault\u00a0\u00bb custom_margin=\u00a0\u00bb4px|||||\u00a0\u00bb custom_padding=\u00a0\u00bb29px||0px|||\u00a0\u00bb global_colors_info=\u00a0\u00bb{}\u00a0\u00bb][et_pb_row _builder_version=\u00a0\u00bb4.27.5&Prime; _module_preset=\u00a0\u00bbdefault\u00a0\u00bb width=\u00a0\u00bb100%\u00a0\u00bb max_width=\u00a0\u00bb2560px\u00a0\u00bb custom_padding=\u00a0\u00bb11px||0px|||\u00a0\u00bb global_colors_info=\u00a0\u00bb{}\u00a0\u00bb][et_pb_column type=\u00a0\u00bb4_4&Prime; _builder_version=\u00a0\u00bb4.27.5&Prime; _module_preset=\u00a0\u00bbdefault\u00a0\u00bb global_colors_info=\u00a0\u00bb{}\u00a0\u00bb][et_pb_image src=\u00a0\u00bbhttps:\/\/www.madi.agency\/carita-kleber\/wp-content\/uploads\/2025\/12\/Trace-1.png\u00a0\u00bb title_text=\u00a0\u00bbTrace\u0301 1&Prime; _builder_version=\u00a0\u00bb4.27.5&Prime; _module_preset=\u00a0\u00bbdefault\u00a0\u00bb custom_margin=\u00a0\u00bb||2px|||\u00a0\u00bb global_colors_info=\u00a0\u00bb{}\u00a0\u00bb][\/et_pb_image][\/et_pb_column][\/et_pb_row][\/et_pb_section][et_pb_section fb_built=\u00a0\u00bb1&Prime; _builder_version=\u00a0\u00bb4.27.5&Prime; _module_preset=\u00a0\u00bbdefault\u00a0\u00bb custom_padding=\u00a0\u00bb0px||9px|||\u00a0\u00bb global_colors_info=\u00a0\u00bb{}\u00a0\u00bb][et_pb_row _builder_version=\u00a0\u00bb4.27.5&Prime; _module_preset=\u00a0\u00bbdefault\u00a0\u00bb custom_padding=\u00a0\u00bb0px||9px|||\u00a0\u00bb global_colors_info=\u00a0\u00bb{}\u00a0\u00bb][et_pb_column type=\u00a0\u00bb4_4&Prime; _builder_version=\u00a0\u00bb4.27.5&Prime; _module_preset=\u00a0\u00bbdefault\u00a0\u00bb global_colors_info=\u00a0\u00bb{}\u00a0\u00bb][et_pb_text _builder_version=\u00a0\u00bb4.27.5&Prime; _module_preset=\u00a0\u00bbdefault\u00a0\u00bb header_font_size=\u00a0\u00bb36px\u00a0\u00bb custom_margin=\u00a0\u00bb||6px|||\u00a0\u00bb custom_padding=\u00a0\u00bb||||false|false\u00a0\u00bb locked=\u00a0\u00bboff\u00a0\u00bb global_colors_info=\u00a0\u00bb{}\u00a0\u00bb]<\/p>\n<h1 style=\"text-align: center;\">LA PEAU<\/h1>\n<p>[\/et_pb_text][et_pb_text disabled_on=\u00a0\u00bbon|on|off\u00a0\u00bb _builder_version=\u00a0\u00bb4.27.5&Prime; _module_preset=\u00a0\u00bbdefault\u00a0\u00bb header_2_text_color=\u00a0\u00bb#000000&Prime; header_2_font_size=\u00a0\u00bb30px\u00a0\u00bb custom_margin=\u00a0\u00bb-6px||0px|||\u00a0\u00bb custom_padding=\u00a0\u00bb6px|||||\u00a0\u00bb header_2_text_align_tablet=\u00a0\u00bbcenter\u00a0\u00bb header_2_text_align_phone=\u00a0\u00bbcenter\u00a0\u00bb header_2_text_align_last_edited=\u00a0\u00bbon|phone\u00a0\u00bb global_colors_info=\u00a0\u00bb{}\u00a0\u00bb]<\/p>\n<h2>Soins du Visage<\/h2>\n<p>[\/et_pb_text][\/et_pb_column][\/et_pb_row][et_pb_row disabled_on=\u00a0\u00bboff|off|on\u00a0\u00bb _builder_version=\u00a0\u00bb4.27.5&Prime; _module_preset=\u00a0\u00bbdefault\u00a0\u00bb custom_padding=\u00a0\u00bb6px|||||\u00a0\u00bb global_colors_info=\u00a0\u00bb{}\u00a0\u00bb][et_pb_column type=\u00a0\u00bb4_4&Prime; _builder_version=\u00a0\u00bb4.27.5&Prime; _module_preset=\u00a0\u00bbdefault\u00a0\u00bb global_colors_info=\u00a0\u00bb{}\u00a0\u00bb][et_pb_text disabled_on=\u00a0\u00bboff|off|on\u00a0\u00bb _builder_version=\u00a0\u00bb4.27.5&Prime; _module_preset=\u00a0\u00bbdefault\u00a0\u00bb header_2_text_color=\u00a0\u00bb#000000&Prime; header_2_font_size=\u00a0\u00bb30px\u00a0\u00bb custom_margin=\u00a0\u00bb-6px||10px|||\u00a0\u00bb custom_padding=\u00a0\u00bb6px|||||\u00a0\u00bb header_2_text_align_tablet=\u00a0\u00bbcenter\u00a0\u00bb header_2_text_align_phone=\u00a0\u00bbcenter\u00a0\u00bb header_2_text_align_last_edited=\u00a0\u00bbon|tablet\u00a0\u00bb locked=\u00a0\u00bboff\u00a0\u00bb global_colors_info=\u00a0\u00bb{}\u00a0\u00bb]<\/p>\n<h2>Soins du Visage<\/h2>\n<p>[\/et_pb_text][et_pb_text _builder_version=\u00a0\u00bb4.27.5&Prime; _module_preset=\u00a0\u00bbdefault\u00a0\u00bb text_font_size=\u00a0\u00bb18px\u00a0\u00bb text_line_height=\u00a0\u00bb1.8em\u00a0\u00bb text_orientation=\u00a0\u00bbcenter\u00a0\u00bb custom_margin=\u00a0\u00bb||22px|||\u00a0\u00bb global_colors_info=\u00a0\u00bb{}\u00a0\u00bb]<\/p>\n<p style=\"text-align: center;\"><b>L\u2019art du soin, pens\u00e9 comme un rituel d\u2019exception.<\/b><\/p>\n<p>[\/et_pb_text][et_pb_text disabled_on=\u00a0\u00bboff|off|on\u00a0\u00bb _builder_version=\u00a0\u00bb4.27.5&Prime; _module_preset=\u00a0\u00bbdefault\u00a0\u00bb text_text_color=\u00a0\u00bb#000000&Prime; text_font_size=\u00a0\u00bb18px\u00a0\u00bb text_line_height=\u00a0\u00bb1.6em\u00a0\u00bb locked=\u00a0\u00bboff\u00a0\u00bb global_colors_info=\u00a0\u00bb{}\u00a0\u00bb]<\/p>\n<p><span style=\"font-weight: 400;\">Votre peau m\u00e9rite un soin d&rsquo;exception ; nous lui offrons une attention experte et d\u00e9licate.<\/span><\/p>\n<p><span style=\"font-weight: 400;\"><\/span><span style=\"font-weight: 400;\">\u00c0 travers des gestes hautement techniques, des formules performantes et une approche sur-mesure, nous en r\u00e9v\u00e9lons l&rsquo;\u00e9clat et le confort.<\/span><\/p>\n<p><span style=\"font-size: 18px;\">Chez CARITA Kl\u00e9ber, chaque soin est un moment rare, une exp\u00e9rience pens\u00e9e pour r\u00e9v\u00e9ler votre beaut\u00e9.<\/span><\/p>\n<p>[\/et_pb_text][\/et_pb_column][\/et_pb_row][\/et_pb_section][et_pb_section fb_built=\u00a0\u00bb1&Prime; disabled_on=\u00a0\u00bbon|on|off\u00a0\u00bb _builder_version=\u00a0\u00bb4.27.5&Prime; _module_preset=\u00a0\u00bbdefault\u00a0\u00bb background_color=\u00a0\u00bb#000000&Prime; background_enable_image=\u00a0\u00bboff\u00a0\u00bb custom_margin_last_edited=\u00a0\u00bboff|desktop\u00a0\u00bb custom_padding=\u00a0\u00bb||0px|||\u00a0\u00bb global_colors_info=\u00a0\u00bb{}\u00a0\u00bb][et_pb_row column_structure=\u00a0\u00bb2_5,3_5&Prime; _builder_version=\u00a0\u00bb4.27.5&Prime; _module_preset=\u00a0\u00bbdefault\u00a0\u00bb custom_margin=\u00a0\u00bb-31px|auto||auto|false|false\u00a0\u00bb custom_padding=\u00a0\u00bb0px||19px|||\u00a0\u00bb global_colors_info=\u00a0\u00bb{}\u00a0\u00bb][et_pb_column type=\u00a0\u00bb2_5&Prime; _builder_version=\u00a0\u00bb4.27.5&Prime; _module_preset=\u00a0\u00bbdefault\u00a0\u00bb global_colors_info=\u00a0\u00bb{}\u00a0\u00bb][et_pb_text disabled_on=\u00a0\u00bbon|on|off\u00a0\u00bb _builder_version=\u00a0\u00bb4.27.5&Prime; _module_preset=\u00a0\u00bbdefault\u00a0\u00bb header_2_text_color=\u00a0\u00bb#000000&Prime; header_2_font_size=\u00a0\u00bb30px\u00a0\u00bb custom_margin=\u00a0\u00bb-6px||7px|||\u00a0\u00bb custom_padding=\u00a0\u00bb19px|||0px||\u00a0\u00bb global_colors_info=\u00a0\u00bb{}\u00a0\u00bb]<\/p>\n<h3 style=\"text-align: right;\">L\u2019art du soin, pens\u00e9 comme un rituel d\u2019exception<\/h3>\n<p>[\/et_pb_text][et_pb_text disabled_on=\u00a0\u00bbon|on|off\u00a0\u00bb _builder_version=\u00a0\u00bb4.27.5&Prime; _module_preset=\u00a0\u00bbdefault\u00a0\u00bb text_text_color=\u00a0\u00bb#FFFFFF\u00a0\u00bb text_font_size=\u00a0\u00bb18px\u00a0\u00bb text_line_height=\u00a0\u00bb1.5em\u00a0\u00bb custom_padding=\u00a0\u00bb10px|||||\u00a0\u00bb global_colors_info=\u00a0\u00bb{}\u00a0\u00bb]<\/p>\n<p><span style=\"font-weight: 400;\">Votre peau m\u00e9rite un soin d&rsquo;exception ; nous lui offrons une attention experte et d\u00e9licate.<\/span><\/p>\n<p><span style=\"font-weight: 400;\"><\/span><span style=\"font-weight: 400;\">\u00c0 travers des gestes hautement techniques, des formules performantes et une approche sur-mesure, nous en r\u00e9v\u00e9lons l&rsquo;\u00e9clat et le confort.<\/span><\/p>\n<p><span style=\"font-size: 18px;\">Chez CARITA Kl\u00e9ber, chaque soin est un moment rare, une exp\u00e9rience pens\u00e9e pour r\u00e9v\u00e9ler votre beaut\u00e9.<\/span><\/p>\n<p>[\/et_pb_text][\/et_pb_column][et_pb_column type=\u00a0\u00bb3_5&Prime; _builder_version=\u00a0\u00bb4.27.5&Prime; _module_preset=\u00a0\u00bbdefault\u00a0\u00bb background_enable_color=\u00a0\u00bboff\u00a0\u00bb global_colors_info=\u00a0\u00bb{%22gcid-heading-color%22:%91%22background_color%22,%22background_color__hover%22%93}\u00a0\u00bb background__hover_enabled=\u00a0\u00bbon|hover\u00a0\u00bb background_color__hover=\u00a0\u00bb\u00a0\u00bb background_enable_color__hover=\u00a0\u00bboff\u00a0\u00bb][dmpro_hover_box use_content_hover_button=\u00a0\u00bbon\u00a0\u00bb content_hover_button_text=\u00a0\u00bbRetrouvez nos soins\u00a0\u00bb content_hover_button_link=\u00a0\u00bbhttps:\/\/www.madi.agency\/carita-kleber\/la-peau\/soins-du-visage-2\/soins\/\u00a0\u00bb box_height=\u00a0\u00bb160px\u00a0\u00bb content_hover_bg_color=\u00a0\u00bbrgba(204,2,75,0.39)\u00a0\u00bb _builder_version=\u00a0\u00bb4.27.5&Prime; _module_preset=\u00a0\u00bbdefault\u00a0\u00bb background_image=\u00a0\u00bbhttps:\/\/www.madi.agency\/carita-kleber\/wp-content\/uploads\/2026\/01\/Photo-SOIN-DU-VISAGE.png\u00a0\u00bb custom_content_hover_button=\u00a0\u00bbon\u00a0\u00bb content_hover_button_text_color=\u00a0\u00bb#FFFFFF\u00a0\u00bb content_hover_button_bg_color=\u00a0\u00bb#cc024b\u00a0\u00bb content_hover_button_border_width=\u00a0\u00bb0px\u00a0\u00bb content_hover_button_use_icon=\u00a0\u00bboff\u00a0\u00bb height=\u00a0\u00bb160px\u00a0\u00bb custom_margin=\u00a0\u00bb||14px|||\u00a0\u00bb link_option_url=\u00a0\u00bbhttps:\/\/www.madi.agency\/carita-kleber\/la-peau\/soins-du-visage-2\/soins\/\u00a0\u00bb global_colors_info=\u00a0\u00bb{}\u00a0\u00bb content_hover_button_bg_color__hover_enabled=\u00a0\u00bbon|desktop\u00a0\u00bb content_hover_button_bg_color__hover=\u00a0\u00bb#000000&Prime; content_hover_button_bg_enable_color__hover=\u00a0\u00bbon\u00a0\u00bb][\/dmpro_hover_box][dmpro_hover_box use_content_hover_button=\u00a0\u00bbon\u00a0\u00bb content_hover_button_text=\u00a0\u00bbMaquillage et Beaut\u00e9 du regard\u00a0\u00bb content_hover_button_link=\u00a0\u00bbhttps:\/\/www.madi.agency\/carita-kleber\/la-peau\/soins-du-visage-2\/maquillage-beaute-du-regard\/\u00a0\u00bb box_height=\u00a0\u00bb160px\u00a0\u00bb content_hover_bg_color=\u00a0\u00bbrgba(204,2,75,0.39)\u00a0\u00bb _builder_version=\u00a0\u00bb4.27.5&Prime; _module_preset=\u00a0\u00bbdefault\u00a0\u00bb background_image=\u00a0\u00bbhttps:\/\/www.madi.agency\/carita-kleber\/wp-content\/uploads\/2026\/01\/Photo-MAQUILLAGE-2.png\u00a0\u00bb background_size=\u00a0\u00bbcustom\u00a0\u00bb background_image_width=\u00a0\u00bb100%\u00a0\u00bb background_position=\u00a0\u00bbtop_center\u00a0\u00bb custom_content_hover_button=\u00a0\u00bbon\u00a0\u00bb content_hover_button_text_color=\u00a0\u00bb#FFFFFF\u00a0\u00bb content_hover_button_bg_color=\u00a0\u00bb#cc024b\u00a0\u00bb content_hover_button_border_width=\u00a0\u00bb0px\u00a0\u00bb content_hover_button_use_icon=\u00a0\u00bboff\u00a0\u00bb height=\u00a0\u00bb160px\u00a0\u00bb custom_margin=\u00a0\u00bb||24px|||\u00a0\u00bb link_option_url=\u00a0\u00bbhttps:\/\/www.madi.agency\/carita-kleber\/la-peau\/soins-du-visage-2\/maquillage-beaute-du-regard\/\u00a0\u00bb global_colors_info=\u00a0\u00bb{}\u00a0\u00bb content_hover_button_bg_color__hover_enabled=\u00a0\u00bbon|desktop\u00a0\u00bb content_hover_button_bg_color__hover=\u00a0\u00bb#000000&Prime; content_hover_button_bg_enable_color__hover=\u00a0\u00bbon\u00a0\u00bb][\/dmpro_hover_box][\/et_pb_column][\/et_pb_row][\/et_pb_section][et_pb_section fb_built=\u00a0\u00bb1&Prime; disabled_on=\u00a0\u00bboff|off|on\u00a0\u00bb _builder_version=\u00a0\u00bb4.27.5&Prime; _module_preset=\u00a0\u00bbdefault\u00a0\u00bb background_color=\u00a0\u00bb#000000&Prime; background_enable_image=\u00a0\u00bboff\u00a0\u00bb custom_margin_last_edited=\u00a0\u00bboff|desktop\u00a0\u00bb custom_padding=\u00a0\u00bb||0px|||\u00a0\u00bb global_colors_info=\u00a0\u00bb{}\u00a0\u00bb][et_pb_row column_structure=\u00a0\u00bb2_5,3_5&Prime; _builder_version=\u00a0\u00bb4.27.5&Prime; _module_preset=\u00a0\u00bbdefault\u00a0\u00bb custom_margin=\u00a0\u00bb-31px|auto||auto|false|false\u00a0\u00bb custom_padding=\u00a0\u00bb0px||19px|||\u00a0\u00bb global_colors_info=\u00a0\u00bb{}\u00a0\u00bb][et_pb_column type=\u00a0\u00bb2_5&Prime; _builder_version=\u00a0\u00bb4.27.5&Prime; _module_preset=\u00a0\u00bbdefault\u00a0\u00bb global_colors_info=\u00a0\u00bb{}\u00a0\u00bb][et_pb_text disabled_on=\u00a0\u00bbon|on|off\u00a0\u00bb _builder_version=\u00a0\u00bb4.27.5&Prime; _module_preset=\u00a0\u00bbdefault\u00a0\u00bb header_2_text_color=\u00a0\u00bb#000000&Prime; header_2_font_size=\u00a0\u00bb30px\u00a0\u00bb custom_margin=\u00a0\u00bb-6px||7px|||\u00a0\u00bb custom_padding=\u00a0\u00bb19px|||0px||\u00a0\u00bb global_colors_info=\u00a0\u00bb{}\u00a0\u00bb]<\/p>\n<h3 style=\"text-align: right;\">L\u2019art du soin, pens\u00e9 comme un rituel d\u2019exception<\/h3>\n<p>[\/et_pb_text][et_pb_text disabled_on=\u00a0\u00bbon|on|off\u00a0\u00bb _builder_version=\u00a0\u00bb4.27.5&Prime; _module_preset=\u00a0\u00bbdefault\u00a0\u00bb text_text_color=\u00a0\u00bb#FFFFFF\u00a0\u00bb text_font_size=\u00a0\u00bb18px\u00a0\u00bb text_line_height=\u00a0\u00bb1.5em\u00a0\u00bb custom_padding=\u00a0\u00bb10px|||||\u00a0\u00bb global_colors_info=\u00a0\u00bb{}\u00a0\u00bb]<\/p>\n<p><span style=\"font-weight: 400;\">Votre peau m\u00e9rite un soin d&rsquo;exception ; nous lui offrons une attention experte et d\u00e9licate.<\/span><\/p>\n<p><span style=\"font-weight: 400;\"><\/span><span style=\"font-weight: 400;\">\u00c0 travers des gestes hautement techniques, des formules performantes et une approche sur-mesure, nous en r\u00e9v\u00e9lons l&rsquo;\u00e9clat et le confort.<\/span><\/p>\n<p><span style=\"font-size: 18px;\">Chez CARITA Kl\u00e9ber, chaque soin est un moment rare, une exp\u00e9rience pens\u00e9e pour r\u00e9v\u00e9ler votre beaut\u00e9.<\/span><\/p>\n<p>[\/et_pb_text][\/et_pb_column][et_pb_column type=\u00a0\u00bb3_5&Prime; _builder_version=\u00a0\u00bb4.27.5&Prime; _module_preset=\u00a0\u00bbdefault\u00a0\u00bb background_enable_color=\u00a0\u00bboff\u00a0\u00bb global_colors_info=\u00a0\u00bb{%22gcid-heading-color%22:%91%22background_color%22,%22background_color__hover%22%93}\u00a0\u00bb background__hover_enabled=\u00a0\u00bbon|hover\u00a0\u00bb background_color__hover=\u00a0\u00bb\u00a0\u00bb background_enable_color__hover=\u00a0\u00bboff\u00a0\u00bb][dmpro_hover_box content_title=\u00a0\u00bbRetrouvez nos soins\u00a0\u00bb use_content_hover_button=\u00a0\u00bbon\u00a0\u00bb content_hover_button_text=\u00a0\u00bbRetrouvez nos soins\u00a0\u00bb content_hover_button_link=\u00a0\u00bbhttps:\/\/www.madi.agency\/carita-kleber\/la-peau\/soins-du-visage-2\/soins\/\u00a0\u00bb box_height=\u00a0\u00bb160px\u00a0\u00bb content_bg_color=\u00a0\u00bbrgba(204,2,75,0.39)\u00a0\u00bb content_hover_bg_color=\u00a0\u00bbrgba(204,2,75,0.39)\u00a0\u00bb _builder_version=\u00a0\u00bb4.27.5&Prime; _module_preset=\u00a0\u00bbdefault\u00a0\u00bb content_title_text_color=\u00a0\u00bb#FFFFFF\u00a0\u00bb content_title_font_size=\u00a0\u00bb28px\u00a0\u00bb background_image=\u00a0\u00bbhttps:\/\/www.madi.agency\/carita-kleber\/wp-content\/uploads\/2026\/01\/Photo-SOIN-DU-VISAGE.png\u00a0\u00bb custom_content_hover_button=\u00a0\u00bbon\u00a0\u00bb content_hover_button_text_color=\u00a0\u00bb#FFFFFF\u00a0\u00bb content_hover_button_bg_color=\u00a0\u00bb#cc024b\u00a0\u00bb content_hover_button_border_width=\u00a0\u00bb0px\u00a0\u00bb content_hover_button_use_icon=\u00a0\u00bboff\u00a0\u00bb height=\u00a0\u00bb160px\u00a0\u00bb custom_margin=\u00a0\u00bb||14px|||\u00a0\u00bb link_option_url=\u00a0\u00bbhttps:\/\/www.madi.agency\/carita-kleber\/la-peau\/soins-du-visage-2\/soins\/\u00a0\u00bb global_colors_info=\u00a0\u00bb{}\u00a0\u00bb content_hover_button_bg_color__hover_enabled=\u00a0\u00bbon|desktop\u00a0\u00bb content_hover_button_bg_color__hover=\u00a0\u00bb#000000&Prime; content_hover_button_bg_enable_color__hover=\u00a0\u00bbon\u00a0\u00bb][\/dmpro_hover_box][dmpro_hover_box content_title=\u00a0\u00bbMaquillage et Beaut\u00e9 du regard\u00a0\u00bb use_content_hover_button=\u00a0\u00bbon\u00a0\u00bb content_hover_button_text=\u00a0\u00bbMaquillage et Beaut\u00e9 du regard\u00a0\u00bb content_hover_button_link=\u00a0\u00bbhttps:\/\/www.madi.agency\/carita-kleber\/la-peau\/soins-du-visage-2\/maquillage-beaute-du-regard\/\u00a0\u00bb box_height=\u00a0\u00bb160px\u00a0\u00bb content_bg_color=\u00a0\u00bbrgba(204,2,75,0.39)\u00a0\u00bb content_hover_bg_color=\u00a0\u00bbrgba(204,2,75,0.39)\u00a0\u00bb _builder_version=\u00a0\u00bb4.27.5&Prime; _module_preset=\u00a0\u00bbdefault\u00a0\u00bb content_title_text_color=\u00a0\u00bb#FFFFFF\u00a0\u00bb content_title_font_size=\u00a0\u00bb28px\u00a0\u00bb background_image=\u00a0\u00bbhttps:\/\/www.madi.agency\/carita-kleber\/wp-content\/uploads\/2026\/01\/Photo-MAQUILLAGE-2.png\u00a0\u00bb background_size=\u00a0\u00bbcustom\u00a0\u00bb background_image_width=\u00a0\u00bb100%\u00a0\u00bb background_position=\u00a0\u00bbtop_center\u00a0\u00bb custom_content_hover_button=\u00a0\u00bbon\u00a0\u00bb content_hover_button_text_color=\u00a0\u00bb#FFFFFF\u00a0\u00bb content_hover_button_bg_color=\u00a0\u00bb#cc024b\u00a0\u00bb content_hover_button_border_width=\u00a0\u00bb0px\u00a0\u00bb content_hover_button_use_icon=\u00a0\u00bboff\u00a0\u00bb height=\u00a0\u00bb160px\u00a0\u00bb custom_margin=\u00a0\u00bb||24px|||\u00a0\u00bb link_option_url=\u00a0\u00bbhttps:\/\/www.madi.agency\/carita-kleber\/la-peau\/soins-du-visage-2\/maquillage-beaute-du-regard\/\u00a0\u00bb global_colors_info=\u00a0\u00bb{}\u00a0\u00bb content_hover_button_bg_color__hover_enabled=\u00a0\u00bbon|desktop\u00a0\u00bb content_hover_button_bg_color__hover=\u00a0\u00bb#000000&Prime; content_hover_button_bg_enable_color__hover=\u00a0\u00bbon\u00a0\u00bb][\/dmpro_hover_box][\/et_pb_column][\/et_pb_row][\/et_pb_section][et_pb_section fb_built=\u00a0\u00bb1&Prime; _builder_version=\u00a0\u00bb4.27.5&Prime; _module_preset=\u00a0\u00bbdefault\u00a0\u00bb custom_padding=\u00a0\u00bb0px||0px|||\u00a0\u00bb global_colors_info=\u00a0\u00bb{}\u00a0\u00bb][et_pb_row _builder_version=\u00a0\u00bb4.27.5&Prime; _module_preset=\u00a0\u00bbdefault\u00a0\u00bb width=\u00a0\u00bb100%\u00a0\u00bb max_width=\u00a0\u00bb2560px\u00a0\u00bb custom_padding=\u00a0\u00bb0px||2px|||\u00a0\u00bb global_colors_info=\u00a0\u00bb{}\u00a0\u00bb][et_pb_column type=\u00a0\u00bb4_4&Prime; _builder_version=\u00a0\u00bb4.27.5&Prime; _module_preset=\u00a0\u00bbdefault\u00a0\u00bb global_colors_info=\u00a0\u00bb{}\u00a0\u00bb][et_pb_image src=\u00a0\u00bbhttps:\/\/www.madi.agency\/carita-kleber\/wp-content\/uploads\/2025\/12\/Groupe-36.png\u00a0\u00bb title_text=\u00a0\u00bbGroupe 36&Prime; _builder_version=\u00a0\u00bb4.27.5&Prime; _module_preset=\u00a0\u00bbdefault\u00a0\u00bb global_colors_info=\u00a0\u00bb{}\u00a0\u00bb][\/et_pb_image][\/et_pb_column][\/et_pb_row][et_pb_row _builder_version=\u00a0\u00bb4.27.5&Prime; _module_preset=\u00a0\u00bbdefault\u00a0\u00bb custom_padding=\u00a0\u00bb0px||33px|||\u00a0\u00bb global_colors_info=\u00a0\u00bb{}\u00a0\u00bb][et_pb_column type=\u00a0\u00bb4_4&Prime; _builder_version=\u00a0\u00bb4.27.5&Prime; _module_preset=\u00a0\u00bbdefault\u00a0\u00bb global_colors_info=\u00a0\u00bb{}\u00a0\u00bb][et_pb_text disabled_on=\u00a0\u00bbon|on|off\u00a0\u00bb _builder_version=\u00a0\u00bb4.27.5&Prime; _module_preset=\u00a0\u00bbdefault\u00a0\u00bb header_2_text_color=\u00a0\u00bb#000000&Prime; header_2_font_size=\u00a0\u00bb30px\u00a0\u00bb custom_margin=\u00a0\u00bb-6px||0px|||\u00a0\u00bb custom_padding=\u00a0\u00bb6px|||||\u00a0\u00bb global_colors_info=\u00a0\u00bb{}\u00a0\u00bb]<\/p>\n<h2 style=\"text-align: right;\">Soins du Corps<\/h2>\n<p>[\/et_pb_text][\/et_pb_column][\/et_pb_row][et_pb_row disabled_on=\u00a0\u00bboff|off|on\u00a0\u00bb _builder_version=\u00a0\u00bb4.27.5&Prime; _module_preset=\u00a0\u00bbdefault\u00a0\u00bb custom_padding=\u00a0\u00bb21px|||||\u00a0\u00bb global_colors_info=\u00a0\u00bb{}\u00a0\u00bb][et_pb_column type=\u00a0\u00bb4_4&Prime; _builder_version=\u00a0\u00bb4.27.5&Prime; _module_preset=\u00a0\u00bbdefault\u00a0\u00bb global_colors_info=\u00a0\u00bb{}\u00a0\u00bb][et_pb_text disabled_on=\u00a0\u00bboff|off|on\u00a0\u00bb _builder_version=\u00a0\u00bb4.27.5&Prime; _module_preset=\u00a0\u00bbdefault\u00a0\u00bb header_2_text_align=\u00a0\u00bbcenter\u00a0\u00bb header_2_text_color=\u00a0\u00bb#000000&Prime; header_2_font_size=\u00a0\u00bb30px\u00a0\u00bb custom_margin=\u00a0\u00bb-6px||3px|||\u00a0\u00bb custom_padding=\u00a0\u00bb6px|||||\u00a0\u00bb locked=\u00a0\u00bboff\u00a0\u00bb global_colors_info=\u00a0\u00bb{}\u00a0\u00bb]<\/p>\n<h2>Soins du Corps<\/h2>\n<p>[\/et_pb_text][et_pb_text _builder_version=\u00a0\u00bb4.27.5&Prime; _module_preset=\u00a0\u00bbdefault\u00a0\u00bb text_font_size=\u00a0\u00bb18px\u00a0\u00bb text_line_height=\u00a0\u00bb1.8em\u00a0\u00bb text_orientation=\u00a0\u00bbcenter\u00a0\u00bb custom_margin=\u00a0\u00bb||22px|||\u00a0\u00bb global_colors_info=\u00a0\u00bb{}\u00a0\u00bb]<\/p>\n<p style=\"text-align: center;\"><b>Une expertise d\u00e9di\u00e9e \u00e0 l&rsquo;harmonie du corps<\/b><\/p>\n<p>[\/et_pb_text][et_pb_text disabled_on=\u00a0\u00bboff|off|on\u00a0\u00bb _builder_version=\u00a0\u00bb4.27.5&Prime; _module_preset=\u00a0\u00bbdefault\u00a0\u00bb text_text_color=\u00a0\u00bb#000000&Prime; text_font_size=\u00a0\u00bb18px\u00a0\u00bb text_line_height=\u00a0\u00bb1.6em\u00a0\u00bb custom_margin=\u00a0\u00bb||14px|||\u00a0\u00bb custom_padding=\u00a0\u00bb8px|||||\u00a0\u00bb locked=\u00a0\u00bboff\u00a0\u00bb global_colors_info=\u00a0\u00bb{}\u00a0\u00bb]<\/p>\n<p><span style=\"font-weight: 400;\">Parce que le corps m\u00e9rite une prise en charge d&rsquo;exception, nous lui offrons des soins fond\u00e9s sur la precision, la performance et le savoir faire.<br \/><\/span><\/p>\n<p><span style=\"font-weight: 400;\">\u00c0 travers des protocoles tr\u00e8s pr\u00e9cis, et des gestes parfaitement ma\u00eetris\u00e9s, nous travaillons les tensions pour restaurer vitalit\u00e9, confort et \u00e9l\u00e9gance. <br \/><\/span><\/p>\n<p><span style=\"font-weight: 400;\">Chaque soin s&rsquo;inscrit dans une approche globale, pens\u00e9e pour sublimer durabement votre bien-\u00eatre.<\/span><\/p>\n<p>[\/et_pb_text][\/et_pb_column][\/et_pb_row][\/et_pb_section][et_pb_section fb_built=\u00a0\u00bb1&Prime; disabled_on=\u00a0\u00bbon|on|off\u00a0\u00bb _builder_version=\u00a0\u00bb4.27.5&Prime; _module_preset=\u00a0\u00bbdefault\u00a0\u00bb background_enable_color=\u00a0\u00bboff\u00a0\u00bb background_image=\u00a0\u00bbhttps:\/\/www.madi.agency\/carita-kleber\/wp-content\/uploads\/2025\/12\/Untitled-design-12.png\u00a0\u00bb custom_padding=\u00a0\u00bb0px||0px|||\u00a0\u00bb global_colors_info=\u00a0\u00bb{}\u00a0\u00bb][et_pb_row column_structure=\u00a0\u00bb1_4,1_4,1_2&Prime; make_equal=\u00a0\u00bbon\u00a0\u00bb _builder_version=\u00a0\u00bb4.27.5&Prime; _module_preset=\u00a0\u00bbdefault\u00a0\u00bb custom_margin=\u00a0\u00bb|auto|-18px|auto||\u00a0\u00bb custom_padding=\u00a0\u00bb15px||15px|||\u00a0\u00bb global_colors_info=\u00a0\u00bb{}\u00a0\u00bb][et_pb_column type=\u00a0\u00bb1_4&Prime; _builder_version=\u00a0\u00bb4.27.5&Prime; _module_preset=\u00a0\u00bbdefault\u00a0\u00bb custom_css_main_element=\u00a0\u00bbdisplay: flex;||flex-direction: column;||justify-content: center;\u00a0\u00bb global_colors_info=\u00a0\u00bb{}\u00a0\u00bb][dmpro_hover_box use_content_hover_button=\u00a0\u00bbon\u00a0\u00bb content_hover_button_text=\u00a0\u00bbChoisissez votre soin\u00a0\u00bb content_hover_button_link=\u00a0\u00bbhttps:\/\/www.madi.agency\/carita-kleber\/la-peau\/soins-du-corps-2\/soins\/\u00a0\u00bb box_height=\u00a0\u00bb367px\u00a0\u00bb content_hover_bg_color=\u00a0\u00bbrgba(204,2,75,0.39)\u00a0\u00bb _builder_version=\u00a0\u00bb4.27.5&Prime; _module_preset=\u00a0\u00bbdefault\u00a0\u00bb background_image=\u00a0\u00bbhttps:\/\/www.madi.agency\/carita-kleber\/wp-content\/uploads\/2026\/01\/Soin-corps.png\u00a0\u00bb custom_content_hover_button=\u00a0\u00bbon\u00a0\u00bb content_hover_button_text_color=\u00a0\u00bb#FFFFFF\u00a0\u00bb content_hover_button_bg_color=\u00a0\u00bb#cc024b\u00a0\u00bb content_hover_button_border_width=\u00a0\u00bb0px\u00a0\u00bb content_hover_button_use_icon=\u00a0\u00bboff\u00a0\u00bb height=\u00a0\u00bb367px\u00a0\u00bb custom_margin=\u00a0\u00bb||24px|||\u00a0\u00bb link_option_url=\u00a0\u00bbhttps:\/\/www.madi.agency\/carita-kleber\/la-peau\/soins-du-corps-2\/soins\/\u00a0\u00bb box_shadow_style=\u00a0\u00bbpreset1&Prime; box_shadow_color=\u00a0\u00bbrgba(255,255,255,0.29)\u00a0\u00bb locked=\u00a0\u00bboff\u00a0\u00bb global_colors_info=\u00a0\u00bb{}\u00a0\u00bb content_hover_button_bg_color__hover_enabled=\u00a0\u00bbon|desktop\u00a0\u00bb content_hover_button_bg_color__hover=\u00a0\u00bb#000000&Prime; content_hover_button_bg_enable_color__hover=\u00a0\u00bbon\u00a0\u00bb][\/dmpro_hover_box][\/et_pb_column][et_pb_column type=\u00a0\u00bb1_4&Prime; _builder_version=\u00a0\u00bb4.27.5&Prime; _module_preset=\u00a0\u00bbdefault\u00a0\u00bb global_colors_info=\u00a0\u00bb{}\u00a0\u00bb][dmpro_hover_box use_content_hover_button=\u00a0\u00bbon\u00a0\u00bb content_hover_button_text=\u00a0\u00bbR\u00e9servez votre massage\u00a0\u00bb content_hover_button_link=\u00a0\u00bbhttps:\/\/www.madi.agency\/carita-kleber\/la-peau\/soins-du-corps-2\/massages\/\u00a0\u00bb box_height=\u00a0\u00bb215px\u00a0\u00bb content_hover_bg_color=\u00a0\u00bbrgba(204,2,75,0.39)\u00a0\u00bb _builder_version=\u00a0\u00bb4.27.5&Prime; _module_preset=\u00a0\u00bbdefault\u00a0\u00bb background_image=\u00a0\u00bbhttps:\/\/www.madi.agency\/carita-kleber\/wp-content\/uploads\/2026\/01\/WhatsApp-Image-2026-01-30-at-13.25.34.jpeg\u00a0\u00bb custom_content_hover_button=\u00a0\u00bbon\u00a0\u00bb content_hover_button_text_color=\u00a0\u00bb#FFFFFF\u00a0\u00bb content_hover_button_bg_color=\u00a0\u00bb#cc024b\u00a0\u00bb content_hover_button_border_width=\u00a0\u00bb0px\u00a0\u00bb content_hover_button_use_icon=\u00a0\u00bboff\u00a0\u00bb height=\u00a0\u00bb215px\u00a0\u00bb custom_margin=\u00a0\u00bb||24px|||\u00a0\u00bb link_option_url=\u00a0\u00bbhttps:\/\/www.madi.agency\/carita-kleber\/la-peau\/soins-du-corps-2\/massages\/\u00a0\u00bb locked=\u00a0\u00bboff\u00a0\u00bb global_colors_info=\u00a0\u00bb{}\u00a0\u00bb content_hover_button_bg_color__hover_enabled=\u00a0\u00bbon|desktop\u00a0\u00bb content_hover_button_bg_color__hover=\u00a0\u00bb#000000&Prime; content_hover_button_bg_enable_color__hover=\u00a0\u00bbon\u00a0\u00bb][\/dmpro_hover_box][dmpro_hover_box use_content_hover_button=\u00a0\u00bbon\u00a0\u00bb content_hover_button_text=\u00a0\u00bbSoins des mains &#038; des pieds\u00a0\u00bb content_hover_button_link=\u00a0\u00bbhttps:\/\/www.madi.agency\/carita-kleber\/la-peau\/soins-du-corps-2\/beaute-des-mains-pieds\/\u00a0\u00bb box_height=\u00a0\u00bb215px\u00a0\u00bb content_hover_bg_color=\u00a0\u00bbrgba(204,2,75,0.39)\u00a0\u00bb _builder_version=\u00a0\u00bb4.27.5&Prime; _module_preset=\u00a0\u00bbdefault\u00a0\u00bb background_image=\u00a0\u00bbhttps:\/\/www.madi.agency\/carita-kleber\/wp-content\/uploads\/2026\/01\/WhatsApp-Image-2026-01-30-at-13.26.13-scaled.jpeg\u00a0\u00bb custom_content_hover_button=\u00a0\u00bbon\u00a0\u00bb content_hover_button_text_color=\u00a0\u00bb#FFFFFF\u00a0\u00bb content_hover_button_bg_color=\u00a0\u00bb#cc024b\u00a0\u00bb content_hover_button_border_width=\u00a0\u00bb0px\u00a0\u00bb content_hover_button_use_icon=\u00a0\u00bboff\u00a0\u00bb height=\u00a0\u00bb215px\u00a0\u00bb custom_margin=\u00a0\u00bb||24px|||\u00a0\u00bb link_option_url=\u00a0\u00bbhttps:\/\/www.madi.agency\/carita-kleber\/la-peau\/soins-du-corps-2\/beaute-des-mains-pieds\/\u00a0\u00bb locked=\u00a0\u00bboff\u00a0\u00bb global_colors_info=\u00a0\u00bb{}\u00a0\u00bb content_hover_button_bg_color__hover_enabled=\u00a0\u00bbon|desktop\u00a0\u00bb content_hover_button_bg_color__hover=\u00a0\u00bb#000000&Prime; content_hover_button_bg_enable_color__hover=\u00a0\u00bbon\u00a0\u00bb][\/dmpro_hover_box][\/et_pb_column][et_pb_column type=\u00a0\u00bb1_2&Prime; _builder_version=\u00a0\u00bb4.27.5&Prime; _module_preset=\u00a0\u00bbdefault\u00a0\u00bb global_colors_info=\u00a0\u00bb{}\u00a0\u00bb][et_pb_text disabled_on=\u00a0\u00bbon|on|off\u00a0\u00bb _builder_version=\u00a0\u00bb4.27.5&Prime; _module_preset=\u00a0\u00bbdefault\u00a0\u00bb header_2_text_color=\u00a0\u00bb#000000&Prime; header_2_font_size=\u00a0\u00bb30px\u00a0\u00bb custom_margin=\u00a0\u00bb-6px||32px|||\u00a0\u00bb custom_padding=\u00a0\u00bb6px|||0px||\u00a0\u00bb global_colors_info=\u00a0\u00bb{}\u00a0\u00bb]<\/p>\n<h3 style=\"text-align: right;\">Une expertise d\u00e9di\u00e9e \u00e0 l&rsquo;harmonie du corps<\/h3>\n<p>[\/et_pb_text][et_pb_text disabled_on=\u00a0\u00bbon|on|off\u00a0\u00bb _builder_version=\u00a0\u00bb4.27.5&Prime; _module_preset=\u00a0\u00bbdefault\u00a0\u00bb text_text_color=\u00a0\u00bb#FFFFFF\u00a0\u00bb text_font_size=\u00a0\u00bb18px\u00a0\u00bb text_line_height=\u00a0\u00bb1.6em\u00a0\u00bb custom_margin=\u00a0\u00bb||14px|||\u00a0\u00bb custom_padding=\u00a0\u00bb8px|||||\u00a0\u00bb locked=\u00a0\u00bboff\u00a0\u00bb global_colors_info=\u00a0\u00bb{}\u00a0\u00bb]<\/p>\n<p><span style=\"font-weight: 400;\">Parce que le corps m\u00e9rite une prise en charge d&rsquo;exception, nous lui offrons des soins fond\u00e9s sur la precision, la performance et le savoir faire.<br \/><\/span><\/p>\n<p><span style=\"font-weight: 400;\">\u00c0 travers des protocoles tr\u00e8s pr\u00e9cis, et des gestes parfaitement ma\u00eetris\u00e9s, nous travaillons les tensions pour restaurer vitalit\u00e9, confort et \u00e9l\u00e9gance. <br \/><\/span><\/p>\n<p><span style=\"font-weight: 400;\">Chaque soin s&rsquo;inscrit dans une approche globale, pens\u00e9e pour sublimer durabement votre bien-\u00eatre.<\/span><\/p>\n<p>[\/et_pb_text][dmpro_hover_box use_content_hover_button=\u00a0\u00bbon\u00a0\u00bb content_hover_button_text=\u00a0\u00bbVotre s\u00e9ance d&rsquo;\u00e9pilation\u00a0\u00bb content_hover_button_link=\u00a0\u00bbhttps:\/\/www.madi.agency\/carita-kleber\/la-peau\/soins-du-corps-2\/epilation\/\u00a0\u00bb box_height=\u00a0\u00bb215px\u00a0\u00bb content_hover_bg_color=\u00a0\u00bbrgba(204,2,75,0.39)\u00a0\u00bb _builder_version=\u00a0\u00bb4.27.5&Prime; _module_preset=\u00a0\u00bbdefault\u00a0\u00bb background_image=\u00a0\u00bbhttps:\/\/www.madi.agency\/carita-kleber\/wp-content\/uploads\/2026\/01\/WhatsApp-Image-2026-01-30-at-13.26.57.jpeg\u00a0\u00bb custom_content_hover_button=\u00a0\u00bbon\u00a0\u00bb content_hover_button_text_color=\u00a0\u00bb#FFFFFF\u00a0\u00bb content_hover_button_bg_color=\u00a0\u00bb#cc024b\u00a0\u00bb content_hover_button_border_width=\u00a0\u00bb0px\u00a0\u00bb content_hover_button_use_icon=\u00a0\u00bboff\u00a0\u00bb height=\u00a0\u00bb215px\u00a0\u00bb custom_margin=\u00a0\u00bb||24px|||\u00a0\u00bb link_option_url=\u00a0\u00bbhttps:\/\/www.madi.agency\/carita-kleber\/la-peau\/soins-du-corps-2\/epilation\/\u00a0\u00bb locked=\u00a0\u00bboff\u00a0\u00bb global_colors_info=\u00a0\u00bb{}\u00a0\u00bb content_hover_button_bg_color__hover_enabled=\u00a0\u00bbon|desktop\u00a0\u00bb content_hover_button_bg_color__hover=\u00a0\u00bb#000000&Prime; content_hover_button_bg_enable_color__hover=\u00a0\u00bbon\u00a0\u00bb][\/dmpro_hover_box][\/et_pb_column][\/et_pb_row][\/et_pb_section][et_pb_section fb_built=\u00a0\u00bb1&Prime; disabled_on=\u00a0\u00bboff|off|on\u00a0\u00bb _builder_version=\u00a0\u00bb4.27.5&Prime; _module_preset=\u00a0\u00bbdefault\u00a0\u00bb background_enable_color=\u00a0\u00bboff\u00a0\u00bb background_image=\u00a0\u00bbhttps:\/\/www.madi.agency\/carita-kleber\/wp-content\/uploads\/2025\/12\/Untitled-design-12.png\u00a0\u00bb custom_padding=\u00a0\u00bb0px||0px|||\u00a0\u00bb global_colors_info=\u00a0\u00bb{}\u00a0\u00bb][et_pb_row column_structure=\u00a0\u00bb1_4,1_4,1_2&Prime; make_equal=\u00a0\u00bbon\u00a0\u00bb _builder_version=\u00a0\u00bb4.27.5&Prime; _module_preset=\u00a0\u00bbdefault\u00a0\u00bb custom_margin=\u00a0\u00bb|auto|-18px|auto||\u00a0\u00bb custom_padding=\u00a0\u00bb15px||15px|||\u00a0\u00bb global_colors_info=\u00a0\u00bb{}\u00a0\u00bb][et_pb_column type=\u00a0\u00bb1_4&Prime; _builder_version=\u00a0\u00bb4.27.5&Prime; _module_preset=\u00a0\u00bbdefault\u00a0\u00bb custom_css_main_element=\u00a0\u00bbdisplay: flex;||flex-direction: column;||justify-content: center;\u00a0\u00bb global_colors_info=\u00a0\u00bb{}\u00a0\u00bb][dmpro_hover_box content_title=\u00a0\u00bbChoisissez votre soin\u00a0\u00bb use_content_hover_button=\u00a0\u00bbon\u00a0\u00bb content_hover_button_text=\u00a0\u00bbChoisissez votre soin\u00a0\u00bb content_hover_button_link=\u00a0\u00bbhttps:\/\/www.madi.agency\/carita-kleber\/la-peau\/soins-du-corps-2\/soins\/\u00a0\u00bb box_height=\u00a0\u00bb367px\u00a0\u00bb content_bg_color=\u00a0\u00bbrgba(204,2,75,0.39)\u00a0\u00bb content_hover_bg_color=\u00a0\u00bbrgba(204,2,75,0.39)\u00a0\u00bb _builder_version=\u00a0\u00bb4.27.5&Prime; _module_preset=\u00a0\u00bbdefault\u00a0\u00bb content_title_text_color=\u00a0\u00bb#FFFFFF\u00a0\u00bb content_title_font_size=\u00a0\u00bb28px\u00a0\u00bb background_image=\u00a0\u00bbhttps:\/\/www.madi.agency\/carita-kleber\/wp-content\/uploads\/2026\/01\/Soin-corps.png\u00a0\u00bb custom_content_hover_button=\u00a0\u00bbon\u00a0\u00bb content_hover_button_text_color=\u00a0\u00bb#FFFFFF\u00a0\u00bb content_hover_button_bg_color=\u00a0\u00bb#cc024b\u00a0\u00bb content_hover_button_border_width=\u00a0\u00bb0px\u00a0\u00bb content_hover_button_use_icon=\u00a0\u00bboff\u00a0\u00bb height=\u00a0\u00bb367px\u00a0\u00bb custom_margin=\u00a0\u00bb||24px|||\u00a0\u00bb link_option_url=\u00a0\u00bbhttps:\/\/www.madi.agency\/carita-kleber\/la-peau\/soins-du-corps-2\/soins\/\u00a0\u00bb box_shadow_style=\u00a0\u00bbpreset1&Prime; box_shadow_color=\u00a0\u00bbrgba(255,255,255,0.29)\u00a0\u00bb locked=\u00a0\u00bboff\u00a0\u00bb global_colors_info=\u00a0\u00bb{}\u00a0\u00bb content_hover_button_bg_color__hover_enabled=\u00a0\u00bbon|desktop\u00a0\u00bb content_hover_button_bg_color__hover=\u00a0\u00bb#000000&Prime; content_hover_button_bg_enable_color__hover=\u00a0\u00bbon\u00a0\u00bb][\/dmpro_hover_box][\/et_pb_column][et_pb_column type=\u00a0\u00bb1_4&Prime; _builder_version=\u00a0\u00bb4.27.5&Prime; _module_preset=\u00a0\u00bbdefault\u00a0\u00bb global_colors_info=\u00a0\u00bb{}\u00a0\u00bb][dmpro_hover_box content_title=\u00a0\u00bbR\u00e9servez votre massage\u00a0\u00bb use_content_hover_button=\u00a0\u00bbon\u00a0\u00bb content_hover_button_text=\u00a0\u00bbR\u00e9servez votre massage\u00a0\u00bb content_hover_button_link=\u00a0\u00bbhttps:\/\/www.madi.agency\/carita-kleber\/la-peau\/soins-du-corps-2\/massages\/\u00a0\u00bb box_height=\u00a0\u00bb215px\u00a0\u00bb content_bg_color=\u00a0\u00bbrgba(204,2,75,0.39)\u00a0\u00bb content_hover_bg_color=\u00a0\u00bbrgba(204,2,75,0.39)\u00a0\u00bb _builder_version=\u00a0\u00bb4.27.5&Prime; _module_preset=\u00a0\u00bbdefault\u00a0\u00bb content_title_text_color=\u00a0\u00bb#FFFFFF\u00a0\u00bb content_title_font_size=\u00a0\u00bb28px\u00a0\u00bb background_image=\u00a0\u00bbhttps:\/\/www.madi.agency\/carita-kleber\/wp-content\/uploads\/2026\/01\/WhatsApp-Image-2026-01-30-at-13.25.34.jpeg\u00a0\u00bb custom_content_hover_button=\u00a0\u00bbon\u00a0\u00bb content_hover_button_text_color=\u00a0\u00bb#FFFFFF\u00a0\u00bb content_hover_button_bg_color=\u00a0\u00bb#cc024b\u00a0\u00bb content_hover_button_border_width=\u00a0\u00bb0px\u00a0\u00bb content_hover_button_use_icon=\u00a0\u00bboff\u00a0\u00bb height=\u00a0\u00bb215px\u00a0\u00bb custom_margin=\u00a0\u00bb||24px|||\u00a0\u00bb link_option_url=\u00a0\u00bbhttps:\/\/www.madi.agency\/carita-kleber\/la-peau\/soins-du-corps-2\/massages\/\u00a0\u00bb locked=\u00a0\u00bboff\u00a0\u00bb global_colors_info=\u00a0\u00bb{}\u00a0\u00bb content_hover_button_bg_color__hover_enabled=\u00a0\u00bbon|desktop\u00a0\u00bb content_hover_button_bg_color__hover=\u00a0\u00bb#000000&Prime; content_hover_button_bg_enable_color__hover=\u00a0\u00bbon\u00a0\u00bb][\/dmpro_hover_box][dmpro_hover_box content_title=\u00a0\u00bbSoins des mains &#038; des pieds\u00a0\u00bb use_content_hover_button=\u00a0\u00bbon\u00a0\u00bb content_hover_button_text=\u00a0\u00bbSoins des mains &#038; des pieds\u00a0\u00bb content_hover_button_link=\u00a0\u00bbhttps:\/\/www.madi.agency\/carita-kleber\/la-peau\/soins-du-corps-2\/beaute-des-mains-pieds\/\u00a0\u00bb box_height=\u00a0\u00bb215px\u00a0\u00bb content_bg_color=\u00a0\u00bbrgba(204,2,75,0.39)\u00a0\u00bb content_hover_bg_color=\u00a0\u00bbrgba(204,2,75,0.39)\u00a0\u00bb _builder_version=\u00a0\u00bb4.27.5&Prime; _module_preset=\u00a0\u00bbdefault\u00a0\u00bb content_title_text_color=\u00a0\u00bb#FFFFFF\u00a0\u00bb content_title_font_size=\u00a0\u00bb28px\u00a0\u00bb background_image=\u00a0\u00bbhttps:\/\/www.madi.agency\/carita-kleber\/wp-content\/uploads\/2026\/01\/WhatsApp-Image-2026-01-30-at-13.26.13-scaled.jpeg\u00a0\u00bb custom_content_hover_button=\u00a0\u00bbon\u00a0\u00bb content_hover_button_text_color=\u00a0\u00bb#FFFFFF\u00a0\u00bb content_hover_button_bg_color=\u00a0\u00bb#cc024b\u00a0\u00bb content_hover_button_border_width=\u00a0\u00bb0px\u00a0\u00bb content_hover_button_use_icon=\u00a0\u00bboff\u00a0\u00bb height=\u00a0\u00bb215px\u00a0\u00bb custom_margin=\u00a0\u00bb||24px|||\u00a0\u00bb link_option_url=\u00a0\u00bbhttps:\/\/www.madi.agency\/carita-kleber\/la-peau\/soins-du-corps-2\/beaute-des-mains-pieds\/\u00a0\u00bb locked=\u00a0\u00bboff\u00a0\u00bb global_colors_info=\u00a0\u00bb{}\u00a0\u00bb content_hover_button_bg_color__hover_enabled=\u00a0\u00bbon|desktop\u00a0\u00bb content_hover_button_bg_color__hover=\u00a0\u00bb#000000&Prime; content_hover_button_bg_enable_color__hover=\u00a0\u00bbon\u00a0\u00bb][\/dmpro_hover_box][\/et_pb_column][et_pb_column type=\u00a0\u00bb1_2&Prime; _builder_version=\u00a0\u00bb4.27.5&Prime; _module_preset=\u00a0\u00bbdefault\u00a0\u00bb global_colors_info=\u00a0\u00bb{}\u00a0\u00bb][et_pb_text disabled_on=\u00a0\u00bbon|on|off\u00a0\u00bb _builder_version=\u00a0\u00bb4.27.5&Prime; _module_preset=\u00a0\u00bbdefault\u00a0\u00bb header_2_text_color=\u00a0\u00bb#000000&Prime; header_2_font_size=\u00a0\u00bb30px\u00a0\u00bb custom_margin=\u00a0\u00bb-6px||32px|||\u00a0\u00bb custom_padding=\u00a0\u00bb6px|||0px||\u00a0\u00bb global_colors_info=\u00a0\u00bb{}\u00a0\u00bb]<\/p>\n<h3 style=\"text-align: right;\">Une expertise d\u00e9di\u00e9e \u00e0 l&rsquo;harmonie du corps<\/h3>\n<p>[\/et_pb_text][et_pb_text disabled_on=\u00a0\u00bbon|on|off\u00a0\u00bb _builder_version=\u00a0\u00bb4.27.5&Prime; _module_preset=\u00a0\u00bbdefault\u00a0\u00bb text_text_color=\u00a0\u00bb#FFFFFF\u00a0\u00bb text_font_size=\u00a0\u00bb18px\u00a0\u00bb text_line_height=\u00a0\u00bb1.6em\u00a0\u00bb custom_margin=\u00a0\u00bb||14px|||\u00a0\u00bb custom_padding=\u00a0\u00bb8px|||||\u00a0\u00bb locked=\u00a0\u00bboff\u00a0\u00bb global_colors_info=\u00a0\u00bb{}\u00a0\u00bb]<\/p>\n<p><span style=\"font-weight: 400;\">Parce que le corps m\u00e9rite une prise en charge d&rsquo;exception, nous lui offrons des soins fond\u00e9s sur la precision, la performance et le savoir faire.<br \/><\/span><\/p>\n<p><span style=\"font-weight: 400;\">\u00c0 travers des protocoles tr\u00e8s pr\u00e9cis, et des gestes parfaitement ma\u00eetris\u00e9s, nous travaillons les tensions pour restaurer vitalit\u00e9, confort et \u00e9l\u00e9gance. <br \/><\/span><\/p>\n<p><span style=\"font-weight: 400;\">Chaque soin s&rsquo;inscrit dans une approche globale, pens\u00e9e pour sublimer durabement votre bien-\u00eatre.<\/span><\/p>\n<p>[\/et_pb_text][dmpro_hover_box content_title=\u00a0\u00bbVotre s\u00e9ance d&rsquo;\u00e9pilation\u00a0\u00bb use_content_hover_button=\u00a0\u00bbon\u00a0\u00bb content_hover_button_text=\u00a0\u00bbVotre s\u00e9ance d&rsquo;\u00e9pilation\u00a0\u00bb content_hover_button_link=\u00a0\u00bbhttps:\/\/www.madi.agency\/carita-kleber\/la-peau\/soins-du-corps-2\/epilation\/\u00a0\u00bb box_height=\u00a0\u00bb215px\u00a0\u00bb content_bg_color=\u00a0\u00bbrgba(204,2,75,0.39)\u00a0\u00bb content_hover_bg_color=\u00a0\u00bbrgba(204,2,75,0.39)\u00a0\u00bb _builder_version=\u00a0\u00bb4.27.5&Prime; _module_preset=\u00a0\u00bbdefault\u00a0\u00bb content_title_text_color=\u00a0\u00bb#FFFFFF\u00a0\u00bb content_title_font_size=\u00a0\u00bb28px\u00a0\u00bb background_image=\u00a0\u00bbhttps:\/\/www.madi.agency\/carita-kleber\/wp-content\/uploads\/2026\/01\/WhatsApp-Image-2026-01-30-at-13.26.57.jpeg\u00a0\u00bb custom_content_hover_button=\u00a0\u00bbon\u00a0\u00bb content_hover_button_text_color=\u00a0\u00bb#FFFFFF\u00a0\u00bb content_hover_button_bg_color=\u00a0\u00bb#cc024b\u00a0\u00bb content_hover_button_border_width=\u00a0\u00bb0px\u00a0\u00bb content_hover_button_use_icon=\u00a0\u00bboff\u00a0\u00bb height=\u00a0\u00bb215px\u00a0\u00bb custom_margin=\u00a0\u00bb||24px|||\u00a0\u00bb link_option_url=\u00a0\u00bbhttps:\/\/www.madi.agency\/carita-kleber\/la-peau\/soins-du-corps-2\/epilation\/\u00a0\u00bb locked=\u00a0\u00bboff\u00a0\u00bb global_colors_info=\u00a0\u00bb{}\u00a0\u00bb content_hover_button_bg_color__hover_enabled=\u00a0\u00bbon|desktop\u00a0\u00bb content_hover_button_bg_color__hover=\u00a0\u00bb#000000&Prime; content_hover_button_bg_enable_color__hover=\u00a0\u00bbon\u00a0\u00bb][\/dmpro_hover_box][\/et_pb_column][\/et_pb_row][\/et_pb_section][et_pb_section fb_built=\u00a0\u00bb1&Prime; _builder_version=\u00a0\u00bb4.27.5&Prime; _module_preset=\u00a0\u00bbdefault\u00a0\u00bb custom_padding=\u00a0\u00bb0px||0px|||\u00a0\u00bb locked=\u00a0\u00bboff\u00a0\u00bb global_colors_info=\u00a0\u00bb{}\u00a0\u00bb][et_pb_row _builder_version=\u00a0\u00bb4.27.5&Prime; _module_preset=\u00a0\u00bbdefault\u00a0\u00bb width=\u00a0\u00bb100%\u00a0\u00bb max_width=\u00a0\u00bb2560px\u00a0\u00bb custom_padding=\u00a0\u00bb11px||0px|||\u00a0\u00bb global_colors_info=\u00a0\u00bb{}\u00a0\u00bb][et_pb_column type=\u00a0\u00bb4_4&Prime; _builder_version=\u00a0\u00bb4.27.5&Prime; _module_preset=\u00a0\u00bbdefault\u00a0\u00bb global_colors_info=\u00a0\u00bb{}\u00a0\u00bb][et_pb_image src=\u00a0\u00bbhttps:\/\/www.madi.agency\/carita-kleber\/wp-content\/uploads\/2025\/12\/Trace-1.png\u00a0\u00bb title_text=\u00a0\u00bbTrace\u0301 1&Prime; _builder_version=\u00a0\u00bb4.27.5&Prime; _module_preset=\u00a0\u00bbdefault\u00a0\u00bb transform_rotate=\u00a0\u00bb182deg|0deg|0deg\u00a0\u00bb custom_margin=\u00a0\u00bb||2px|||\u00a0\u00bb global_colors_info=\u00a0\u00bb{}\u00a0\u00bb][\/et_pb_image][\/et_pb_column][\/et_pb_row][\/et_pb_section][et_pb_section fb_built=\u00a0\u00bb1&Prime; custom_padding_last_edited=\u00a0\u00bbon|tablet\u00a0\u00bb _builder_version=\u00a0\u00bb4.27.5&Prime; _module_preset=\u00a0\u00bbdefault\u00a0\u00bb background_image=\u00a0\u00bbhttps:\/\/www.madi.agency\/carita-kleber\/wp-content\/uploads\/2026\/01\/mariage-scaled.jpg\u00a0\u00bb custom_padding=\u00a0\u00bb157px||157px||true|\u00a0\u00bb custom_padding_tablet=\u00a0\u00bb50px||50px||true|false\u00a0\u00bb custom_padding_phone=\u00a0\u00bb41px||41px||true|false\u00a0\u00bb global_colors_info=\u00a0\u00bb{}\u00a0\u00bb][et_pb_row column_structure=\u00a0\u00bb1_4,1_2,1_4&Prime; _builder_version=\u00a0\u00bb4.27.5&Prime; _module_preset=\u00a0\u00bbdefault\u00a0\u00bb global_colors_info=\u00a0\u00bb{}\u00a0\u00bb][et_pb_column type=\u00a0\u00bb1_4&Prime; _builder_version=\u00a0\u00bb4.27.5&Prime; _module_preset=\u00a0\u00bbdefault\u00a0\u00bb global_colors_info=\u00a0\u00bb{}\u00a0\u00bb][\/et_pb_column][et_pb_column type=\u00a0\u00bb1_2&Prime; _builder_version=\u00a0\u00bb4.27.5&Prime; _module_preset=\u00a0\u00bbdefault\u00a0\u00bb background_color=\u00a0\u00bbrgba(204,2,75,0.6)\u00a0\u00bb link_option_url=\u00a0\u00bbhttps:\/\/www.madi.agency\/carita-kleber\/mariage\/\u00a0\u00bb global_colors_info=\u00a0\u00bb{}\u00a0\u00bb][et_pb_text _builder_version=\u00a0\u00bb4.27.5&Prime; _module_preset=\u00a0\u00bbdefault\u00a0\u00bb text_font=\u00a0\u00bb|700|||||||\u00a0\u00bb text_text_color=\u00a0\u00bb#FFFFFF\u00a0\u00bb text_font_size=\u00a0\u00bb44px\u00a0\u00bb text_line_height=\u00a0\u00bb1.3em\u00a0\u00bb text_orientation=\u00a0\u00bbcenter\u00a0\u00bb custom_margin=\u00a0\u00bb||29px|||\u00a0\u00bb custom_padding=\u00a0\u00bb52px|||||\u00a0\u00bb text_font_size_tablet=\u00a0\u00bb38px\u00a0\u00bb text_font_size_phone=\u00a0\u00bb38px\u00a0\u00bb text_font_size_last_edited=\u00a0\u00bbon|phone\u00a0\u00bb global_colors_info=\u00a0\u00bb{}\u00a0\u00bb]<\/p>\n<p>Retrouvez nos<br \/>Prestations Mariage<br \/>&amp;\u00a0<br \/>\u00c9v\u00e8nements<\/p>\n<p>[\/et_pb_text][et_pb_text _builder_version=\u00a0\u00bb4.27.5&Prime; _module_preset=\u00a0\u00bbdefault\u00a0\u00bb text_text_color=\u00a0\u00bb#FFFFFF\u00a0\u00bb text_font_size=\u00a0\u00bb18px\u00a0\u00bb custom_margin=\u00a0\u00bb||50px|||\u00a0\u00bb custom_padding=\u00a0\u00bb|50px||50px|false|true\u00a0\u00bb global_colors_info=\u00a0\u00bb{}\u00a0\u00bb]<\/p>\n<p style=\"text-align: center;\">Pour que ce jour soit plac\u00e9 sous le signe de la beaut\u00e9 et de l&rsquo;\u00e9l\u00e9gance intemporelle,<\/p>\n<p style=\"text-align: center;\"><b> <\/b><\/p>\n<p style=\"text-align: center;\"><b>Laissez-nous vous proposer l&rsquo;excellence<\/b><\/p>\n<p>[\/et_pb_text][et_pb_button button_url=\u00a0\u00bbhttps:\/\/www.madi.agency\/carita-kleber\/mariage\/\u00a0\u00bb button_text=\u00a0\u00bbEn savoir plus\u00a0\u00bb button_alignment=\u00a0\u00bbcenter\u00a0\u00bb _builder_version=\u00a0\u00bb4.27.5&Prime; _module_preset=\u00a0\u00bbdefault\u00a0\u00bb custom_button=\u00a0\u00bbon\u00a0\u00bb button_text_size=\u00a0\u00bb23px\u00a0\u00bb button_text_color=\u00a0\u00bb#FFFFFF\u00a0\u00bb button_bg_color=\u00a0\u00bb#cc024b\u00a0\u00bb button_border_width=\u00a0\u00bb0px\u00a0\u00bb button_border_radius=\u00a0\u00bb0px\u00a0\u00bb button_letter_spacing=\u00a0\u00bb1px\u00a0\u00bb button_font=\u00a0\u00bb|300|||||||\u00a0\u00bb button_use_icon=\u00a0\u00bboff\u00a0\u00bb custom_margin=\u00a0\u00bb||-2px|||\u00a0\u00bb global_colors_info=\u00a0\u00bb{}\u00a0\u00bb button_bg_color__hover_enabled=\u00a0\u00bbon|hover\u00a0\u00bb button_bg_color__hover=\u00a0\u00bb#000000&Prime; button_bg_enable_color__hover=\u00a0\u00bbon\u00a0\u00bb][\/et_pb_button][et_pb_image src=\u00a0\u00bbhttps:\/\/www.madi.agency\/carita-kleber\/wp-content\/uploads\/2026\/01\/fleche-damour.png\u00a0\u00bb title_text=\u00a0\u00bbfleche-damour\u00a0\u00bb disabled_on=\u00a0\u00bbon|on|on\u00a0\u00bb _builder_version=\u00a0\u00bb4.27.5&Prime; _module_preset=\u00a0\u00bbdefault\u00a0\u00bb width=\u00a0\u00bb23%\u00a0\u00bb custom_margin=\u00a0\u00bb||-50px|62px|false|false\u00a0\u00bb custom_padding=\u00a0\u00bb||0px|0px||\u00a0\u00bb disabled=\u00a0\u00bbon\u00a0\u00bb global_colors_info=\u00a0\u00bb{}\u00a0\u00bb][\/et_pb_image][\/et_pb_column][et_pb_column type=\u00a0\u00bb1_4&Prime; _builder_version=\u00a0\u00bb4.27.5&Prime; _module_preset=\u00a0\u00bbdefault\u00a0\u00bb global_colors_info=\u00a0\u00bb{}\u00a0\u00bb][\/et_pb_column][\/et_pb_row][\/et_pb_section][et_pb_section fb_built=\u00a0\u00bb1&Prime; _builder_version=\u00a0\u00bb4.27.5&Prime; _module_preset=\u00a0\u00bbdefault\u00a0\u00bb background_color=\u00a0\u00bb#000000&Prime; custom_padding=\u00a0\u00bb0px||0px|||\u00a0\u00bb global_colors_info=\u00a0\u00bb{}\u00a0\u00bb][et_pb_row _builder_version=\u00a0\u00bb4.27.5&Prime; _module_preset=\u00a0\u00bbdefault\u00a0\u00bb custom_padding=\u00a0\u00bb||8px|||\u00a0\u00bb global_colors_info=\u00a0\u00bb{}\u00a0\u00bb][et_pb_column type=\u00a0\u00bb4_4&Prime; _builder_version=\u00a0\u00bb4.27.5&Prime; _module_preset=\u00a0\u00bbdefault\u00a0\u00bb global_colors_info=\u00a0\u00bb{}\u00a0\u00bb][et_pb_text _builder_version=\u00a0\u00bb4.27.5&Prime; _module_preset=\u00a0\u00bbdefault\u00a0\u00bb header_3_text_color=\u00a0\u00bb#FFFFFF\u00a0\u00bb global_colors_info=\u00a0\u00bb{}\u00a0\u00bb]<\/p>\n<h3 style=\"text-align: center;\">Ils nous font confiance..<\/h3>\n<p>[\/et_pb_text][\/et_pb_column][\/et_pb_row][et_pb_row column_structure=\u00a0\u00bb1_4,1_4,1_4,1_4&Prime; _builder_version=\u00a0\u00bb4.27.5&Prime; _module_preset=\u00a0\u00bbdefault\u00a0\u00bb width=\u00a0\u00bb100%\u00a0\u00bb custom_padding=\u00a0\u00bb11px||42px|||\u00a0\u00bb global_colors_info=\u00a0\u00bb{}\u00a0\u00bb][et_pb_column type=\u00a0\u00bb1_4&Prime; _builder_version=\u00a0\u00bb4.27.5&Prime; _module_preset=\u00a0\u00bbdefault\u00a0\u00bb global_colors_info=\u00a0\u00bb{}\u00a0\u00bb][et_pb_image src=\u00a0\u00bbhttps:\/\/www.madi.agency\/carita-kleber\/wp-content\/uploads\/2026\/01\/telechargement-1994-BLANC.png\u00a0\u00bb title_text=\u00a0\u00bbte\u0301le\u0301chargement 1994 BLANC\u00a0\u00bb align=\u00a0\u00bbcenter\u00a0\u00bb _builder_version=\u00a0\u00bb4.27.5&Prime; _module_preset=\u00a0\u00bbdefault\u00a0\u00bb custom_margin=\u00a0\u00bb-3px||-3px||true|false\u00a0\u00bb custom_padding=\u00a0\u00bb0px||||false|false\u00a0\u00bb global_colors_info=\u00a0\u00bb{}\u00a0\u00bb][\/et_pb_image][\/et_pb_column][et_pb_column type=\u00a0\u00bb1_4&Prime; _builder_version=\u00a0\u00bb4.27.5&Prime; _module_preset=\u00a0\u00bbdefault\u00a0\u00bb global_colors_info=\u00a0\u00bb{}\u00a0\u00bb][et_pb_image src=\u00a0\u00bbhttps:\/\/www.madi.agency\/carita-kleber\/wp-content\/uploads\/2026\/01\/CELESTINA-AGOSTINO-BLANC.png\u00a0\u00bb title_text=\u00a0\u00bbCELESTINA AGOSTINO BLANC\u00a0\u00bb align=\u00a0\u00bbcenter\u00a0\u00bb _builder_version=\u00a0\u00bb4.27.5&Prime; _module_preset=\u00a0\u00bbdefault\u00a0\u00bb background_color=\u00a0\u00bb#000000&Prime; custom_margin=\u00a0\u00bb43px||43px||true|false\u00a0\u00bb global_colors_info=\u00a0\u00bb{}\u00a0\u00bb][\/et_pb_image][\/et_pb_column][et_pb_column type=\u00a0\u00bb1_4&Prime; _builder_version=\u00a0\u00bb4.27.5&Prime; _module_preset=\u00a0\u00bbdefault\u00a0\u00bb global_colors_info=\u00a0\u00bb{}\u00a0\u00bb][et_pb_image src=\u00a0\u00bbhttps:\/\/www.madi.agency\/carita-kleber\/wp-content\/uploads\/2026\/02\/Copia-de-Evoleum_Logo-defonce-scaled.png\u00a0\u00bb title_text=\u00a0\u00bbCopia de Evoleum_Logo defonce\u00a0\u00bb align=\u00a0\u00bbcenter\u00a0\u00bb _builder_version=\u00a0\u00bb4.27.5&Prime; _module_preset=\u00a0\u00bbdefault\u00a0\u00bb custom_margin=\u00a0\u00bb-10px||-10px||true|false\u00a0\u00bb custom_padding=\u00a0\u00bb||0px|||\u00a0\u00bb global_colors_info=\u00a0\u00bb{}\u00a0\u00bb][\/et_pb_image][\/et_pb_column][et_pb_column type=\u00a0\u00bb1_4&Prime; _builder_version=\u00a0\u00bb4.27.5&Prime; _module_preset=\u00a0\u00bbdefault\u00a0\u00bb global_colors_info=\u00a0\u00bb{}\u00a0\u00bb][et_pb_image src=\u00a0\u00bbhttps:\/\/www.madi.agency\/carita-kleber\/wp-content\/uploads\/2026\/01\/revlon-professional-blanc.png\u00a0\u00bb title_text=\u00a0\u00bbrevlon-professional-blanc\u00a0\u00bb align=\u00a0\u00bbcenter\u00a0\u00bb _builder_version=\u00a0\u00bb4.27.5&Prime; _module_preset=\u00a0\u00bbdefault\u00a0\u00bb custom_margin=\u00a0\u00bb9px||9px||true|false\u00a0\u00bb global_colors_info=\u00a0\u00bb{}\u00a0\u00bb][\/et_pb_image][\/et_pb_column][\/et_pb_row][\/et_pb_section][et_pb_section fb_built=\u00a0\u00bb1&Prime; _builder_version=\u00a0\u00bb4.27.5&Prime; _module_preset=\u00a0\u00bbdefault\u00a0\u00bb custom_padding=\u00a0\u00bb0px||0px|||\u00a0\u00bb locked=\u00a0\u00bboff\u00a0\u00bb global_colors_info=\u00a0\u00bb{}\u00a0\u00bb][et_pb_row _builder_version=\u00a0\u00bb4.27.5&Prime; _module_preset=\u00a0\u00bbdefault\u00a0\u00bb width=\u00a0\u00bb100%\u00a0\u00bb max_width=\u00a0\u00bb2560px\u00a0\u00bb custom_padding=\u00a0\u00bb0px||0px|||\u00a0\u00bb global_colors_info=\u00a0\u00bb{}\u00a0\u00bb][et_pb_column type=\u00a0\u00bb4_4&Prime; _builder_version=\u00a0\u00bb4.27.5&Prime; _module_preset=\u00a0\u00bbdefault\u00a0\u00bb global_colors_info=\u00a0\u00bb{}\u00a0\u00bb][et_pb_text _builder_version=\u00a0\u00bb4.27.5&Prime; _module_preset=\u00a0\u00bbdefault\u00a0\u00bb filter_saturate=\u00a0\u00bb0%\u00a0\u00bb global_colors_info=\u00a0\u00bb{}\u00a0\u00bb]<\/p>\n<p><iframe src=\"https:\/\/www.google.com\/maps\/embed?pb=!1m18!1m12!1m3!1d2624.636961944712!2d2.285458112044556!3d48.86513277121351!2m3!1f0!2f0!3f0!3m2!1i1024!2i768!4f13.1!3m3!1m2!1s0x47e66f54edfd8ffd%3A0x649a16464740ac1b!2sCarita%20Kl%C3%A9ber!5e0!3m2!1sen!2sin!4v1768395996931!5m2!1sen!2sin\" width=\"1920\" height=\"450\" style=\"border: 0;\" allowfullscreen=\"\" loading=\"lazy\" referrerpolicy=\"no-referrer-when-downgrade\"><\/iframe><\/p>\n<p>[\/et_pb_text][\/et_pb_column][\/et_pb_row][\/et_pb_section]<\/p>\n","protected":false},"excerpt":{"rendered":"<p>\u00a0L\u2019excellence d\u2019un geste, l\u2019\u00e9l\u00e9gance d\u2019un r\u00e9sultatEntrez dans un lieu d\u00e9di\u00e9 \u00e0 l\u2019excellence, o\u00f9 l\u2019art du soin rencontre l\u2019\u00e9l\u00e9gance d\u2019un salon. Dans un cadre pens\u00e9 pour votre bien-\u00eatre, nous mettons notre exigence et notre savoir-faire au service de votre \u00e9clat. Ici, la qualit\u00e9 de nos gestes et la pr\u00e9cision de nos soins deviennent une signature : [&hellip;]<\/p>\n","protected":false},"author":1,"featured_media":0,"parent":0,"menu_order":0,"comment_status":"closed","ping_status":"closed","template":"","meta":{"_et_pb_use_builder":"on","_et_pb_old_content":"<!-- wp:divi\/placeholder \/-->","_et_gb_content_width":"","footnotes":""},"class_list":["post-12","page","type-page","status-publish","hentry"],"_links":{"self":[{"href":"https:\/\/www.madi.agency\/carita-kleber\/wp-json\/wp\/v2\/pages\/12","targetHints":{"allow":["GET"]}}],"collection":[{"href":"https:\/\/www.madi.agency\/carita-kleber\/wp-json\/wp\/v2\/pages"}],"about":[{"href":"https:\/\/www.madi.agency\/carita-kleber\/wp-json\/wp\/v2\/types\/page"}],"author":[{"embeddable":true,"href":"https:\/\/www.madi.agency\/carita-kleber\/wp-json\/wp\/v2\/users\/1"}],"replies":[{"embeddable":true,"href":"https:\/\/www.madi.agency\/carita-kleber\/wp-json\/wp\/v2\/comments?post=12"}],"version-history":[{"count":0,"href":"https:\/\/www.madi.agency\/carita-kleber\/wp-json\/wp\/v2\/pages\/12\/revisions"}],"wp:attachment":[{"href":"https:\/\/www.madi.agency\/carita-kleber\/wp-json\/wp\/v2\/media?parent=12"}],"curies":[{"name":"wp","href":"https:\/\/api.w.org\/{rel}","templated":true}]}}