{"id":21,"date":"2025-12-23T12:54:30","date_gmt":"2025-12-23T12:54:30","guid":{"rendered":"https:\/\/www.madi.agency\/carita-kleber\/?page_id=21"},"modified":"2026-02-24T07:54:47","modified_gmt":"2026-02-24T07:54:47","slug":"le-salon","status":"publish","type":"page","link":"https:\/\/www.madi.agency\/carita-kleber\/le-salon\/","title":{"rendered":"Le Salon"},"content":{"rendered":"<p>[et_pb_section fb_built=\u00a0\u00bb1&Prime; _builder_version=\u00a0\u00bb4.27.5&Prime; _module_preset=\u00a0\u00bbdefault\u00a0\u00bb background_image=\u00a0\u00bbhttps:\/\/www.madi.agency\/carita-kleber\/wp-content\/uploads\/2026\/01\/Photo-salon-copie-scaled.jpg\u00a0\u00bb background_position=\u00a0\u00bbbottom_center\u00a0\u00bb bottom_divider_flip=\u00a0\u00bbvertical\u00a0\u00bb bottom_divider_arrangement=\u00a0\u00bbabove_content\u00a0\u00bb global_colors_info=\u00a0\u00bb{}\u00a0\u00bb][et_pb_row _builder_version=\u00a0\u00bb4.27.5&Prime; _module_preset=\u00a0\u00bbdefault\u00a0\u00bb custom_padding=\u00a0\u00bb325px||||false|false\u00a0\u00bb global_colors_info=\u00a0\u00bb{}\u00a0\u00bb][et_pb_column type=\u00a0\u00bb4_4&Prime; _builder_version=\u00a0\u00bb4.27.5&Prime; _module_preset=\u00a0\u00bbdefault\u00a0\u00bb global_colors_info=\u00a0\u00bb{}\u00a0\u00bb][et_pb_text _builder_version=\u00a0\u00bb4.27.5&Prime; _module_preset=\u00a0\u00bbdefault\u00a0\u00bb header_text_align=\u00a0\u00bbcenter\u00a0\u00bb header_text_color=\u00a0\u00bb#FFFFFF\u00a0\u00bb header_font_size=\u00a0\u00bb44px\u00a0\u00bb custom_padding=\u00a0\u00bb||62px|||\u00a0\u00bb global_colors_info=\u00a0\u00bb{}\u00a0\u00bb]<\/p>\n<h1>Le Salon<\/h1>\n<p>[\/et_pb_text][\/et_pb_column][\/et_pb_row][\/et_pb_section][et_pb_section fb_built=\u00a0\u00bb1&Prime; _builder_version=\u00a0\u00bb4.27.5&Prime; _module_preset=\u00a0\u00bbdefault\u00a0\u00bb background_enable_color=\u00a0\u00bboff\u00a0\u00bb custom_padding=\u00a0\u00bb0px||9px|||\u00a0\u00bb global_colors_info=\u00a0\u00bb{}\u00a0\u00bb][et_pb_row _builder_version=\u00a0\u00bb4.27.5&Prime; _module_preset=\u00a0\u00bbdefault\u00a0\u00bb custom_padding=\u00a0\u00bb6px||46px|||\u00a0\u00bb global_colors_info=\u00a0\u00bb{}\u00a0\u00bb][et_pb_column type=\u00a0\u00bb4_4&Prime; _builder_version=\u00a0\u00bb4.27.5&Prime; _module_preset=\u00a0\u00bbdefault\u00a0\u00bb global_colors_info=\u00a0\u00bb{}\u00a0\u00bb][et_pb_text _builder_version=\u00a0\u00bb4.27.5&Prime; _module_preset=\u00a0\u00bbdefault\u00a0\u00bb text_text_color=\u00a0\u00bb#000000&Prime; text_font_size=\u00a0\u00bb22px\u00a0\u00bb text_line_height=\u00a0\u00bb1.6em\u00a0\u00bb header_3_font=\u00a0\u00bb||||||||\u00a0\u00bb header_3_text_color=\u00a0\u00bb#000000&Prime; header_3_font_size=\u00a0\u00bb26px\u00a0\u00bb header_3_letter_spacing=\u00a0\u00bb1px\u00a0\u00bb header_3_line_height=\u00a0\u00bb1.6em\u00a0\u00bb text_orientation=\u00a0\u00bbcenter\u00a0\u00bb global_colors_info=\u00a0\u00bb{}\u00a0\u00bb custom_margin=\u00a0\u00bb43px|||||\u00a0\u00bb]<\/p>\n<h3>Ici, chaque geste est un art, chaque cliente une inspiration.<br \/>Le luxe discret d\u2019un savoir-faire d\u2019exception.<\/h3>\n<p>[\/et_pb_text][et_pb_text _builder_version=\u00a0\u00bb4.27.5&Prime; _module_preset=\u00a0\u00bbdefault\u00a0\u00bb text_font_size=\u00a0\u00bb18px\u00a0\u00bb text_line_height=\u00a0\u00bb1.6em\u00a0\u00bb global_colors_info=\u00a0\u00bb{}\u00a0\u00bb]<\/p>\n<p style=\"text-align: center;\"><span style=\"font-weight: 400;\">Au c\u0153ur du Trocad\u00e9ro, dans un d\u00e9cor raffin\u00e9 o\u00f9 chaque \u00e9l\u00e9ment a \u00e9t\u00e9 choisi avec soin, notre salon incarne l\u2019alliance du luxe discret et de l\u2019expertise.<\/span><\/p>\n<p style=\"text-align: center;\"><span style=\"font-weight: 400;\"><\/span><span style=\"font-weight: 400;\">Nous y recevons nos clientes dans un esprit d\u2019excellence, attentifs \u00e0 chaque besoin.<\/span> <span style=\"font-weight: 400;\">Ce lieu d\u2019exception est con\u00e7u pour vous offrir des prestations de qualit\u00e9 et pour que chaque visite devienne un moment rare, enti\u00e8rement d\u00e9di\u00e9 \u00e0 votre beaut\u00e9.<\/span><\/p>\n<p>[\/et_pb_text][\/et_pb_column][\/et_pb_row][et_pb_row _builder_version=\u00a0\u00bb4.27.5&Prime; _module_preset=\u00a0\u00bbdefault\u00a0\u00bb global_colors_info=\u00a0\u00bb{}\u00a0\u00bb][et_pb_column type=\u00a0\u00bb4_4&Prime; _builder_version=\u00a0\u00bb4.27.5&Prime; _module_preset=\u00a0\u00bbdefault\u00a0\u00bb global_colors_info=\u00a0\u00bb{}\u00a0\u00bb][et_pb_text _builder_version=\u00a0\u00bb4.27.5&Prime; _module_preset=\u00a0\u00bbdefault\u00a0\u00bb header_2_font=\u00a0\u00bb&#8211;et_global_heading_font||||||||\u00a0\u00bb header_2_text_align=\u00a0\u00bbcenter\u00a0\u00bb header_2_text_color=\u00a0\u00bb#000000&Prime; header_2_font_size=\u00a0\u00bb45px\u00a0\u00bb global_colors_info=\u00a0\u00bb{}\u00a0\u00bb]<\/p>\n<h2><b>L\u2019Histoire de CARITA Kl\u00e9ber<\/b><\/h2>\n<p>[\/et_pb_text][\/et_pb_column][\/et_pb_row][et_pb_row _builder_version=\u00a0\u00bb4.27.5&Prime; _module_preset=\u00a0\u00bbdefault\u00a0\u00bb global_colors_info=\u00a0\u00bb{}\u00a0\u00bb][et_pb_column type=\u00a0\u00bb4_4&Prime; _builder_version=\u00a0\u00bb4.27.5&Prime; _module_preset=\u00a0\u00bbdefault\u00a0\u00bb global_colors_info=\u00a0\u00bb{}\u00a0\u00bb][tmdivi_timeline timeline_layout=\u00a0\u00bbone-side-left\u00a0\u00bb timeline_color=\u00a0\u00bb#cc96a6&Prime; timeline_line_width=\u00a0\u00bb5px\u00a0\u00bb timeline_fill_setting=\u00a0\u00bbon\u00a0\u00bb timeline_fill_color=\u00a0\u00bb#cc024b\u00a0\u00bb icon_background_color=\u00a0\u00bb#cc024b\u00a0\u00bb icon_color=\u00a0\u00bb#cc024b\u00a0\u00bb label_font=\u00a0\u00bb&#8211;et_global_body_font|700|on||||||\u00a0\u00bb label_font_color=\u00a0\u00bb#cc024b\u00a0\u00bb label_font_size=\u00a0\u00bb44px\u00a0\u00bb description_text_size=\u00a0\u00bb16px\u00a0\u00bb _builder_version=\u00a0\u00bb4.27.5&Prime; _module_preset=\u00a0\u00bbdefault\u00a0\u00bb description_settings_font=\u00a0\u00bb&#8211;et_global_body_font||||||||\u00a0\u00bb global_colors_info=\u00a0\u00bb{}\u00a0\u00bb][tmdivi_timeline_story label_date=\u00a0\u00bb1995&Prime; story_title=\u00a0\u00bbLa fin d&rsquo;une \u00e9poque\u00a0\u00bb _builder_version=\u00a0\u00bb4.27.5&Prime; global_colors_info=\u00a0\u00bb{}\u00a0\u00bb]<\/p>\n<p><span style=\"font-weight: 400;\">En d\u00e9cembre 1995, la <strong>fermeture<\/strong> du salon embl\u00e9matique <strong>CARITA International<\/strong>, rue du <strong>Faubourg Saint-Honor\u00e9<\/strong>, marque la fin d\u2019une \u00e9poque. Pour\u00a0<\/span><i><span style=\"font-weight: 400;\">Antonio, Bastien<\/span><\/i><span style=\"font-weight: 400;\">\u00a0et\u00a0<\/span><i><span style=\"font-weight: 400;\">Jean-Michel<\/span><\/i><span style=\"font-weight: 400;\">, tous trois h\u00e9ritiers du savoir-faire de la maison-m\u00e8re, c\u2019est le d\u00e9but d\u2019une nouvelle histoire.\u00a0<\/span><\/p>\n<p>[\/tmdivi_timeline_story][tmdivi_timeline_story label_date=\u00a0\u00bb1996&Prime; story_title=\u00a0\u00bbCARITA Montaigne et le triangle d&rsquo;or\u00a0\u00bb _builder_version=\u00a0\u00bb4.27.5&Prime; global_colors_info=\u00a0\u00bb{}\u00a0\u00bb]<\/p>\n<p><span style=\"font-weight: 400;\">Ensemble, ils ouvrent\u00a0<\/span><b>CARITA Montaigne<\/b><span style=\"font-weight: 400;\">, entour\u00e9s d\u2019une \u00e9quipe soud\u00e9e d\u2019une quinzaine de collaborateurs venant \u00e9galement de chez CARITA International et partageant le m\u00eame sens de l\u2019excellence.<\/span><\/p>\n<p><span style=\"font-weight: 400;\">Tr\u00e8s vite, le salon attire une client\u00e8le prestigieuse.\u00a0<\/span><b>Carole Bouquet, Anne Sinclair<\/b><span style=\"font-weight: 400;\">\u00a0ou encore\u00a0<\/span><b>la Princesse de Beauvau-Craon<\/b><span style=\"font-weight: 400;\">\u00a0deviennent leurs marraines et contribuent \u00e0 asseoir la r\u00e9putation d\u2019un lieu o\u00f9 \u00e9l\u00e9gance et ma\u00eetrise technique ne font qu\u2019un. Si la maison-m\u00e8re rue du Faubourg rouvre ses portes fin 1996, CARITA Montaigne continue d\u2019accueillir pendant plus de vingt ans, de nombreuses personnalit\u00e9s, participe \u00e0 d\u2019importants \u00e9v\u00e9nements, sublime des mariages d\u2019exception et forme une nouvelle g\u00e9n\u00e9ration de talents qui perp\u00e9tuent la tradition des s\u0153urs Rosy et Maria Carita.<\/span><\/p>\n<p>[\/tmdivi_timeline_story][tmdivi_timeline_story label_date=\u00a0\u00bb2003&Prime; story_title=\u00a0\u00bbUn premier tournant \u00a0\u00bb _builder_version=\u00a0\u00bb4.27.5&Prime; global_colors_info=\u00a0\u00bb{}\u00a0\u00bb]<\/p>\n<p><span style=\"font-weight: 400;\">Jean-Michel quitte l\u2019aventure en 2003. C&rsquo;est d\u00e9sormais en duo qu&rsquo;<strong>Antonio<\/strong> et <strong>Bastien<\/strong> continuent de porter la destin\u00e9e de CARITA Montaigne.<\/span><\/p>\n<p>[\/tmdivi_timeline_story][tmdivi_timeline_story label_date=\u00a0\u00bb2018&Prime; story_title=\u00a0\u00bbUne nouvelle adresse\u00a0\u00bb _builder_version=\u00a0\u00bb4.27.5&Prime; global_colors_info=\u00a0\u00bb{}\u00a0\u00bb]<\/p>\n<p><span style=\"font-weight: 400;\">En 2018, apr\u00e8s plus de deux d\u00e9cennies de succ\u00e8s, le salon doit quitter ses locaux d\u2019origine. Plut\u00f4t qu\u2019une contrainte, ce changement devient l\u2019occasion d\u2019un renouveau. CARITA Montaigne change de quartier et s\u2019installe au <\/span><b>44 rue de Longchamp<\/b><span style=\"font-weight: 400;\">, \u00e0 quelques pas du Trocad\u00e9ro. Le salon adopte alors son nouveau nom :\u00a0<\/span><b>CARITA<\/b><b><i>\u00a0<\/i><\/b><b>Kl\u00e9ber<\/b><span style=\"font-weight: 400;\">. Antonio et Bastien\u00a0insufflent \u00e0 ce nouvel espace, une dynamique renouvel\u00e9e.\u00a0Pendant sept ann\u00e9es, l\u2019\u00e9quipe fid\u00e8le poursuit la transmission du savoir-faire \u00ab maison \u00bb, et le salon continue d\u2019\u00eatre une adresse parisienne incontournable o\u00f9 tradition et modernit\u00e9 s\u2019affirment.<\/span><\/p>\n<p>[\/tmdivi_timeline_story][tmdivi_timeline_story label_date=\u00a0\u00bb2025&Prime; story_title=\u00a0\u00bbL\u2019\u00e9lan du Renouveau\u00a0\u00bb _builder_version=\u00a0\u00bb4.27.5&Prime; global_colors_info=\u00a0\u00bb{}\u00a0\u00bb]<\/p>\n<p><span style=\"font-weight: 400;\">L\u2019ann\u00e9e 2025 marque une \u00e9tape majeure pour <strong>CARITA Kl\u00e9ber<\/strong> puisque c&rsquo;est la p\u00e9riode choisie par Antonio pour laisser \u00e0 Bastien la pleine direction de l&rsquo;entreprise.\u00a0 Celui-ci impulse alors un <strong>nouveau souffle<\/strong>, enrichit l&rsquo;\u00e9quipe de <strong>talents hautement qualifi\u00e9s<\/strong> et engage la <strong>r\u00e9novation du salon<\/strong>. <br \/>D<\/span><span style=\"font-weight: 400;\">e nouvelles prestations voient le jour, l\u2019offre s&rsquo;affine et l&rsquo;exp\u00e9rience client s&rsquo;\u00e9l\u00e8ve encore davantage.<br \/>Aux c\u00f4t\u00e9s de son \u00e9quipe, il se pr\u00e9pare d\u00e9sormais \u00e0 c\u00e9l\u00e9brer un cap symbolique : <strong>les 30 ans d\u2019existence<\/strong> du salon. Trente ann\u00e9es d\u2019excellence, de transmission et de passion partag\u00e9e, port\u00e9es par une ambition claire : inscrire durablement l&rsquo;avenir de <strong>CARITA Kl\u00e9ber<\/strong>.<\/span><\/p>\n<p>[\/tmdivi_timeline_story][tmdivi_timeline_story label_date=\u00a0\u00bb2026&Prime; story_title=\u00a0\u00bbAujourd&rsquo;hui\u00a0\u00bb _builder_version=\u00a0\u00bb4.27.5&Prime; global_colors_info=\u00a0\u00bb{}\u00a0\u00bb]<\/p>\n<p><span style=\"font-weight: 400;\"><strong>CARITA Kl\u00e9ber<\/strong> poursuit son histoire avec la m\u00eame ambition qu\u2019en 1996 : offrir une <strong>expertise unique et une signature beaut\u00e9 reconnue<\/strong>. Fort de son h\u00e9ritage et r\u00e9solument tourn\u00e9 vers l\u2019avenir, le salon continue d\u2019\u00e9crire son histoire\u2026 et celle de ses clientes.<\/span><\/p>\n<p>[\/tmdivi_timeline_story][\/tmdivi_timeline][\/et_pb_column][\/et_pb_row][\/et_pb_section][et_pb_section fb_built=\u00a0\u00bb1&Prime; _builder_version=\u00a0\u00bb4.27.5&Prime; _module_preset=\u00a0\u00bbdefault\u00a0\u00bb custom_padding=\u00a0\u00bb10px||30px|||\u00a0\u00bb global_colors_info=\u00a0\u00bb{}\u00a0\u00bb][et_pb_row _builder_version=\u00a0\u00bb4.27.5&Prime; _module_preset=\u00a0\u00bbdefault\u00a0\u00bb custom_padding=\u00a0\u00bb||33px|||\u00a0\u00bb locked=\u00a0\u00bboff\u00a0\u00bb global_colors_info=\u00a0\u00bb{}\u00a0\u00bb][et_pb_column type=\u00a0\u00bb4_4&Prime; _builder_version=\u00a0\u00bb4.27.5&Prime; _module_preset=\u00a0\u00bbdefault\u00a0\u00bb global_colors_info=\u00a0\u00bb{}\u00a0\u00bb][et_pb_text _builder_version=\u00a0\u00bb4.27.5&Prime; _module_preset=\u00a0\u00bbdefault\u00a0\u00bb header_2_font=\u00a0\u00bb&#8211;et_global_heading_font||||||||\u00a0\u00bb header_2_text_align=\u00a0\u00bbcenter\u00a0\u00bb header_2_text_color=\u00a0\u00bb#000000&Prime; header_2_font_size=\u00a0\u00bb45px\u00a0\u00bb global_colors_info=\u00a0\u00bb{}\u00a0\u00bb]<\/p>\n<h2>Le Lieu<\/h2>\n<p>[\/et_pb_text][\/et_pb_column][\/et_pb_row][et_pb_row _builder_version=\u00a0\u00bb4.27.5&Prime; _module_preset=\u00a0\u00bbdefault\u00a0\u00bb global_colors_info=\u00a0\u00bb{}\u00a0\u00bb][et_pb_column type=\u00a0\u00bb4_4&Prime; _builder_version=\u00a0\u00bb4.27.5&Prime; _module_preset=\u00a0\u00bbdefault\u00a0\u00bb global_colors_info=\u00a0\u00bb{}\u00a0\u00bb][dmpro_masonry_gallery images=\u00a0\u00bb599,597,596,595,594,593,604,605&Prime; columns=\u00a0\u00bb3&Prime; _builder_version=\u00a0\u00bb4.27.5&Prime; _module_preset=\u00a0\u00bbdefault\u00a0\u00bb global_colors_info=\u00a0\u00bb{}\u00a0\u00bb][\/dmpro_masonry_gallery][\/et_pb_column][\/et_pb_row][\/et_pb_section][et_pb_section fb_built=\u00a0\u00bb1&Prime; _builder_version=\u00a0\u00bb4.27.5&Prime; _module_preset=\u00a0\u00bbdefault\u00a0\u00bb background_color=\u00a0\u00bb#000000&Prime; custom_padding=\u00a0\u00bb0px||0px|||\u00a0\u00bb locked=\u00a0\u00bboff\u00a0\u00bb global_colors_info=\u00a0\u00bb{}\u00a0\u00bb][et_pb_row _builder_version=\u00a0\u00bb4.27.5&Prime; _module_preset=\u00a0\u00bbdefault\u00a0\u00bb custom_padding=\u00a0\u00bb||8px|||\u00a0\u00bb global_colors_info=\u00a0\u00bb{}\u00a0\u00bb][et_pb_column type=\u00a0\u00bb4_4&Prime; _builder_version=\u00a0\u00bb4.27.5&Prime; _module_preset=\u00a0\u00bbdefault\u00a0\u00bb global_colors_info=\u00a0\u00bb{}\u00a0\u00bb][et_pb_text _builder_version=\u00a0\u00bb4.27.5&Prime; _module_preset=\u00a0\u00bbdefault\u00a0\u00bb header_3_text_color=\u00a0\u00bb#FFFFFF\u00a0\u00bb global_colors_info=\u00a0\u00bb{}\u00a0\u00bb]<\/p>\n<h3 style=\"text-align: center;\">Ils nous font confiance..<\/h3>\n<p>[\/et_pb_text][\/et_pb_column][\/et_pb_row][et_pb_row column_structure=\u00a0\u00bb1_4,1_4,1_4,1_4&Prime; _builder_version=\u00a0\u00bb4.27.5&Prime; _module_preset=\u00a0\u00bbdefault\u00a0\u00bb width=\u00a0\u00bb100%\u00a0\u00bb custom_padding=\u00a0\u00bb11px||42px|||\u00a0\u00bb global_colors_info=\u00a0\u00bb{}\u00a0\u00bb][et_pb_column type=\u00a0\u00bb1_4&Prime; _builder_version=\u00a0\u00bb4.27.5&Prime; _module_preset=\u00a0\u00bbdefault\u00a0\u00bb global_colors_info=\u00a0\u00bb{}\u00a0\u00bb][et_pb_image src=\u00a0\u00bbhttps:\/\/www.madi.agency\/carita-kleber\/wp-content\/uploads\/2026\/01\/telechargement-1994-BLANC.png\u00a0\u00bb title_text=\u00a0\u00bbte\u0301le\u0301chargement 1994 BLANC\u00a0\u00bb align=\u00a0\u00bbcenter\u00a0\u00bb _builder_version=\u00a0\u00bb4.27.5&Prime; _module_preset=\u00a0\u00bbdefault\u00a0\u00bb custom_margin=\u00a0\u00bb-3px||-3px||true|false\u00a0\u00bb custom_padding=\u00a0\u00bb0px||||false|false\u00a0\u00bb global_colors_info=\u00a0\u00bb{}\u00a0\u00bb][\/et_pb_image][\/et_pb_column][et_pb_column type=\u00a0\u00bb1_4&Prime; _builder_version=\u00a0\u00bb4.27.5&Prime; _module_preset=\u00a0\u00bbdefault\u00a0\u00bb global_colors_info=\u00a0\u00bb{}\u00a0\u00bb][et_pb_image src=\u00a0\u00bbhttps:\/\/www.madi.agency\/carita-kleber\/wp-content\/uploads\/2026\/01\/CELESTINA-AGOSTINO-BLANC.png\u00a0\u00bb title_text=\u00a0\u00bbCELESTINA AGOSTINO BLANC\u00a0\u00bb align=\u00a0\u00bbcenter\u00a0\u00bb _builder_version=\u00a0\u00bb4.27.5&Prime; _module_preset=\u00a0\u00bbdefault\u00a0\u00bb background_color=\u00a0\u00bb#000000&Prime; custom_margin=\u00a0\u00bb43px||43px||true|false\u00a0\u00bb global_colors_info=\u00a0\u00bb{}\u00a0\u00bb][\/et_pb_image][\/et_pb_column][et_pb_column type=\u00a0\u00bb1_4&Prime; _builder_version=\u00a0\u00bb4.27.5&Prime; _module_preset=\u00a0\u00bbdefault\u00a0\u00bb global_colors_info=\u00a0\u00bb{}\u00a0\u00bb][et_pb_image src=\u00a0\u00bbhttps:\/\/www.madi.agency\/carita-kleber\/wp-content\/uploads\/2026\/02\/Copia-de-Evoleum_Logo-defonce-scaled.png\u00a0\u00bb title_text=\u00a0\u00bbCopia de Evoleum_Logo defonce\u00a0\u00bb align=\u00a0\u00bbcenter\u00a0\u00bb _builder_version=\u00a0\u00bb4.27.5&Prime; _module_preset=\u00a0\u00bbdefault\u00a0\u00bb custom_margin=\u00a0\u00bb2px||2px||true|false\u00a0\u00bb global_colors_info=\u00a0\u00bb{}\u00a0\u00bb][\/et_pb_image][\/et_pb_column][et_pb_column type=\u00a0\u00bb1_4&Prime; _builder_version=\u00a0\u00bb4.27.5&Prime; _module_preset=\u00a0\u00bbdefault\u00a0\u00bb global_colors_info=\u00a0\u00bb{}\u00a0\u00bb][et_pb_image src=\u00a0\u00bbhttps:\/\/www.madi.agency\/carita-kleber\/wp-content\/uploads\/2026\/01\/revlon-professional-blanc.png\u00a0\u00bb title_text=\u00a0\u00bbrevlon-professional-blanc\u00a0\u00bb align=\u00a0\u00bbcenter\u00a0\u00bb _builder_version=\u00a0\u00bb4.27.5&Prime; _module_preset=\u00a0\u00bbdefault\u00a0\u00bb custom_margin=\u00a0\u00bb9px||9px||true|false\u00a0\u00bb global_colors_info=\u00a0\u00bb{}\u00a0\u00bb][\/et_pb_image][\/et_pb_column][\/et_pb_row][\/et_pb_section][et_pb_section fb_built=\u00a0\u00bb1&Prime; _builder_version=\u00a0\u00bb4.27.5&Prime; _module_preset=\u00a0\u00bbdefault\u00a0\u00bb custom_padding=\u00a0\u00bb2px||0px|||\u00a0\u00bb locked=\u00a0\u00bboff\u00a0\u00bb global_colors_info=\u00a0\u00bb{}\u00a0\u00bb][et_pb_row _builder_version=\u00a0\u00bb4.27.5&Prime; _module_preset=\u00a0\u00bbdefault\u00a0\u00bb global_colors_info=\u00a0\u00bb{}\u00a0\u00bb][et_pb_column type=\u00a0\u00bb4_4&Prime; _builder_version=\u00a0\u00bb4.27.5&Prime; _module_preset=\u00a0\u00bbdefault\u00a0\u00bb global_colors_info=\u00a0\u00bb{}\u00a0\u00bb][et_pb_divider show_divider=\u00a0\u00bboff\u00a0\u00bb _builder_version=\u00a0\u00bb4.27.5&Prime; _module_preset=\u00a0\u00bbdefault\u00a0\u00bb global_colors_info=\u00a0\u00bb{}\u00a0\u00bb][\/et_pb_divider][\/et_pb_column][\/et_pb_row][\/et_pb_section][et_pb_section fb_built=\u00a0\u00bb1&Prime; disabled_on=\u00a0\u00bbon|on|on\u00a0\u00bb _builder_version=\u00a0\u00bb4.27.5&Prime; _module_preset=\u00a0\u00bbdefault\u00a0\u00bb background_image=\u00a0\u00bbhttps:\/\/www.madi.agency\/carita-kleber\/wp-content\/uploads\/2026\/01\/fond-2.png\u00a0\u00bb background_size=\u00a0\u00bbstretch\u00a0\u00bb custom_padding=\u00a0\u00bb36px|||||\u00a0\u00bb disabled=\u00a0\u00bbon\u00a0\u00bb global_colors_info=\u00a0\u00bb{}\u00a0\u00bb][et_pb_row _builder_version=\u00a0\u00bb4.27.5&Prime; _module_preset=\u00a0\u00bbdefault\u00a0\u00bb locked=\u00a0\u00bboff\u00a0\u00bb global_colors_info=\u00a0\u00bb{}\u00a0\u00bb][et_pb_column type=\u00a0\u00bb4_4&Prime; _builder_version=\u00a0\u00bb4.27.5&Prime; _module_preset=\u00a0\u00bbdefault\u00a0\u00bb global_colors_info=\u00a0\u00bb{}\u00a0\u00bb][et_pb_text _builder_version=\u00a0\u00bb4.27.5&Prime; _module_preset=\u00a0\u00bbdefault\u00a0\u00bb header_2_font=\u00a0\u00bb&#8211;et_global_heading_font||||||||\u00a0\u00bb header_2_text_align=\u00a0\u00bbcenter\u00a0\u00bb header_2_text_color=\u00a0\u00bb#000000&Prime; header_2_font_size=\u00a0\u00bb45px\u00a0\u00bb global_colors_info=\u00a0\u00bb{}\u00a0\u00bb]<\/p>\n<h2><strong>D\u00e9couvrez l&rsquo;\u00e9quipe<\/strong><\/h2>\n<p>[\/et_pb_text][\/et_pb_column][\/et_pb_row][et_pb_row column_structure=\u00a0\u00bb1_5,1_5,1_5,1_5,1_5&Prime; use_custom_gutter=\u00a0\u00bbon\u00a0\u00bb gutter_width=\u00a0\u00bb2&Prime; _builder_version=\u00a0\u00bb4.27.5&Prime; _module_preset=\u00a0\u00bbdefault\u00a0\u00bb global_colors_info=\u00a0\u00bb{}\u00a0\u00bb][et_pb_column type=\u00a0\u00bb1_5&Prime; _builder_version=\u00a0\u00bb4.27.5&Prime; _module_preset=\u00a0\u00bbdefault\u00a0\u00bb global_colors_info=\u00a0\u00bb{}\u00a0\u00bb][dmpro_hover_box content_hover_title=\u00a0\u00bbAntoine\u00a0\u00bb content_hover_content=\u00a0\u00bb<\/p>\n<p>Notre coiffeur visagiste<\/p>\n<p>\u00a0\u00bb box_height=\u00a0\u00bb315px\u00a0\u00bb content_hover_bg_color=\u00a0\u00bbrgba(204,2,75,0.6)\u00a0\u00bb _builder_version=\u00a0\u00bb4.27.5&Prime; _module_preset=\u00a0\u00bbdefault\u00a0\u00bb content_title_text_color=\u00a0\u00bb#FFFFFF\u00a0\u00bb content_hover_title_text_color=\u00a0\u00bb#FFFFFF\u00a0\u00bb content_hover_desc_text_color=\u00a0\u00bb#FFFFFF\u00a0\u00bb content_hover_desc_font_size=\u00a0\u00bb17px\u00a0\u00bb background_image=\u00a0\u00bbhttps:\/\/www.madi.agency\/carita-kleber\/wp-content\/uploads\/2026\/01\/Composant-35-\u2013-1.png\u00a0\u00bb border_radii=\u00a0\u00bboff|90px|90px||\u00a0\u00bb global_colors_info=\u00a0\u00bb{}\u00a0\u00bb][\/dmpro_hover_box][\/et_pb_column][et_pb_column type=\u00a0\u00bb1_5&Prime; _builder_version=\u00a0\u00bb4.27.5&Prime; _module_preset=\u00a0\u00bbdefault\u00a0\u00bb global_colors_info=\u00a0\u00bb{}\u00a0\u00bb][dmpro_hover_box content_hover_title=\u00a0\u00bbJuliette\u00a0\u00bb content_hover_content=\u00a0\u00bb<\/p>\n<p>Notre talentueuse esth\u00e9ticienne<\/p>\n<p>\u00a0\u00bb box_height=\u00a0\u00bb315px\u00a0\u00bb content_hover_bg_color=\u00a0\u00bbrgba(204,2,75,0.6)\u00a0\u00bb _builder_version=\u00a0\u00bb4.27.5&Prime; _module_preset=\u00a0\u00bbdefault\u00a0\u00bb content_title_text_color=\u00a0\u00bb#FFFFFF\u00a0\u00bb content_hover_title_text_color=\u00a0\u00bb#FFFFFF\u00a0\u00bb content_hover_desc_text_color=\u00a0\u00bb#FFFFFF\u00a0\u00bb content_hover_desc_font_size=\u00a0\u00bb17px\u00a0\u00bb background_image=\u00a0\u00bbhttps:\/\/www.madi.agency\/carita-kleber\/wp-content\/uploads\/2026\/01\/Composant-36-\u2013-1.png\u00a0\u00bb border_radii=\u00a0\u00bboff|90px|90px||\u00a0\u00bb global_colors_info=\u00a0\u00bb{}\u00a0\u00bb][\/dmpro_hover_box][\/et_pb_column][et_pb_column type=\u00a0\u00bb1_5&Prime; _builder_version=\u00a0\u00bb4.27.5&Prime; _module_preset=\u00a0\u00bbdefault\u00a0\u00bb global_colors_info=\u00a0\u00bb{}\u00a0\u00bb][dmpro_hover_box content_hover_title=\u00a0\u00bbCamille\u00a0\u00bb content_hover_content=\u00a0\u00bb<\/p>\n<p>Notre super styliste capillaire<\/p>\n<p>\u00a0\u00bb box_height=\u00a0\u00bb315px\u00a0\u00bb content_hover_bg_color=\u00a0\u00bbrgba(204,2,75,0.6)\u00a0\u00bb _builder_version=\u00a0\u00bb4.27.5&Prime; _module_preset=\u00a0\u00bbdefault\u00a0\u00bb content_title_text_color=\u00a0\u00bb#FFFFFF\u00a0\u00bb content_hover_title_text_color=\u00a0\u00bb#FFFFFF\u00a0\u00bb content_hover_desc_text_color=\u00a0\u00bb#FFFFFF\u00a0\u00bb content_hover_desc_font_size=\u00a0\u00bb17px\u00a0\u00bb background_image=\u00a0\u00bbhttps:\/\/www.madi.agency\/carita-kleber\/wp-content\/uploads\/2026\/01\/Composant-37-\u2013-1.png\u00a0\u00bb border_radii=\u00a0\u00bboff|90px|90px||\u00a0\u00bb global_colors_info=\u00a0\u00bb{}\u00a0\u00bb][\/dmpro_hover_box][\/et_pb_column][et_pb_column type=\u00a0\u00bb1_5&Prime; _builder_version=\u00a0\u00bb4.27.5&Prime; _module_preset=\u00a0\u00bbdefault\u00a0\u00bb global_colors_info=\u00a0\u00bb{}\u00a0\u00bb][dmpro_hover_box content_hover_title=\u00a0\u00bbL\u00e9a\u00a0\u00bb content_hover_content=\u00a0\u00bb<\/p>\n<p>Notre sp\u00e9cialiste du modelage<\/p>\n<p>\u00a0\u00bb box_height=\u00a0\u00bb315px\u00a0\u00bb content_hover_bg_color=\u00a0\u00bbrgba(204,2,75,0.6)\u00a0\u00bb _builder_version=\u00a0\u00bb4.27.5&Prime; _module_preset=\u00a0\u00bbdefault\u00a0\u00bb content_title_text_color=\u00a0\u00bb#FFFFFF\u00a0\u00bb content_hover_title_text_color=\u00a0\u00bb#FFFFFF\u00a0\u00bb content_hover_desc_text_color=\u00a0\u00bb#FFFFFF\u00a0\u00bb content_hover_desc_font_size=\u00a0\u00bb17px\u00a0\u00bb background_image=\u00a0\u00bbhttps:\/\/www.madi.agency\/carita-kleber\/wp-content\/uploads\/2026\/01\/Composant-38-\u2013-1.png\u00a0\u00bb border_radii=\u00a0\u00bboff|90px|90px||\u00a0\u00bb global_colors_info=\u00a0\u00bb{}\u00a0\u00bb][\/dmpro_hover_box][\/et_pb_column][et_pb_column type=\u00a0\u00bb1_5&Prime; _builder_version=\u00a0\u00bb4.27.5&Prime; _module_preset=\u00a0\u00bbdefault\u00a0\u00bb global_colors_info=\u00a0\u00bb{}\u00a0\u00bb][dmpro_hover_box content_hover_title=\u00a0\u00bbAlex\u00a0\u00bb content_hover_content=\u00a0\u00bb<\/p>\n<p>Notre coloriste expert<\/p>\n<p>\u00a0\u00bb box_height=\u00a0\u00bb315px\u00a0\u00bb content_hover_bg_color=\u00a0\u00bbrgba(204,2,75,0.6)\u00a0\u00bb _builder_version=\u00a0\u00bb4.27.5&Prime; _module_preset=\u00a0\u00bbdefault\u00a0\u00bb content_title_text_color=\u00a0\u00bb#FFFFFF\u00a0\u00bb content_hover_title_text_color=\u00a0\u00bb#FFFFFF\u00a0\u00bb content_hover_desc_text_color=\u00a0\u00bb#FFFFFF\u00a0\u00bb content_hover_desc_font_size=\u00a0\u00bb17px\u00a0\u00bb background_image=\u00a0\u00bbhttps:\/\/www.madi.agency\/carita-kleber\/wp-content\/uploads\/2026\/01\/Composant-39-\u2013-1.png\u00a0\u00bb border_radii=\u00a0\u00bboff|90px|90px||\u00a0\u00bb global_colors_info=\u00a0\u00bb{}\u00a0\u00bb][\/dmpro_hover_box][\/et_pb_column][\/et_pb_row][\/et_pb_section]<\/p>\n","protected":false},"excerpt":{"rendered":"<p>Le SalonIci, chaque geste est un art, chaque cliente une inspiration.Le luxe discret d\u2019un savoir-faire d\u2019exception.Au c\u0153ur du Trocad\u00e9ro, dans un d\u00e9cor raffin\u00e9 o\u00f9 chaque \u00e9l\u00e9ment a \u00e9t\u00e9 choisi avec soin, notre salon incarne l\u2019alliance du luxe discret et de l\u2019expertise. Nous y recevons nos clientes dans un esprit d\u2019excellence, attentifs \u00e0 chaque besoin. Ce [&hellip;]<\/p>\n","protected":false},"author":1,"featured_media":0,"parent":0,"menu_order":0,"comment_status":"closed","ping_status":"closed","template":"","meta":{"_et_pb_use_builder":"on","_et_pb_old_content":"<!-- wp:divi\/placeholder \/-->","_et_gb_content_width":"","footnotes":""},"class_list":["post-21","page","type-page","status-publish","hentry"],"_links":{"self":[{"href":"https:\/\/www.madi.agency\/carita-kleber\/wp-json\/wp\/v2\/pages\/21","targetHints":{"allow":["GET"]}}],"collection":[{"href":"https:\/\/www.madi.agency\/carita-kleber\/wp-json\/wp\/v2\/pages"}],"about":[{"href":"https:\/\/www.madi.agency\/carita-kleber\/wp-json\/wp\/v2\/types\/page"}],"author":[{"embeddable":true,"href":"https:\/\/www.madi.agency\/carita-kleber\/wp-json\/wp\/v2\/users\/1"}],"replies":[{"embeddable":true,"href":"https:\/\/www.madi.agency\/carita-kleber\/wp-json\/wp\/v2\/comments?post=21"}],"version-history":[{"count":0,"href":"https:\/\/www.madi.agency\/carita-kleber\/wp-json\/wp\/v2\/pages\/21\/revisions"}],"wp:attachment":[{"href":"https:\/\/www.madi.agency\/carita-kleber\/wp-json\/wp\/v2\/media?parent=21"}],"curies":[{"name":"wp","href":"https:\/\/api.w.org\/{rel}","templated":true}]}}